{"id":4541,"date":"2025-12-23T12:13:46","date_gmt":"2025-12-23T12:13:46","guid":{"rendered":"https:\/\/grupoxandra.eu\/?page_id=4541"},"modified":"2026-02-13T19:15:57","modified_gmt":"2026-02-13T19:15:57","slug":"beroepsaansprakelijkheids-verzekering","status":"publish","type":"page","link":"https:\/\/grupoxandra.eu\/fr\/beroepsaansprakelijkheids-verzekering\/","title":{"rendered":"Assurance responsabilit\u00e9 professionnelle"},"content":{"rendered":"<div data-elementor-type=\"wp-page\" data-elementor-id=\"4541\" class=\"elementor elementor-4541\" data-elementor-post-type=\"page\">\n\t\t\t\t<div class=\"elementor-element elementor-element-d64681f e-con-full e-flex e-con e-parent\" data-id=\"d64681f\" data-element_type=\"container\" data-e-type=\"container\" data-settings=\"{&quot;background_background&quot;:&quot;classic&quot;}\">\n\t\t\t\t<div class=\"elementor-element elementor-element-958a47d white-filter elementor-widget elementor-widget-image\" data-id=\"958a47d\" data-element_type=\"widget\" data-e-type=\"widget\" data-widget_type=\"image.default\">\n\t\t\t\t\t\t\t\t\t\t\t\t\t\t\t<img fetchpriority=\"high\" decoding=\"async\" width=\"800\" height=\"189\" src=\"https:\/\/grupoxandra.eu\/wp-content\/uploads\/2025\/11\/Zurich_Insurance_Group_Logo_Horizontal.svg_-1024x242.png\" class=\"attachment-large size-large wp-image-3907\" alt=\"\" srcset=\"https:\/\/grupoxandra.eu\/wp-content\/uploads\/2025\/11\/Zurich_Insurance_Group_Logo_Horizontal.svg_-1024x242.png 1024w, https:\/\/grupoxandra.eu\/wp-content\/uploads\/2025\/11\/Zurich_Insurance_Group_Logo_Horizontal.svg_-300x71.png 300w, https:\/\/grupoxandra.eu\/wp-content\/uploads\/2025\/11\/Zurich_Insurance_Group_Logo_Horizontal.svg_-768x182.png 768w, https:\/\/grupoxandra.eu\/wp-content\/uploads\/2025\/11\/Zurich_Insurance_Group_Logo_Horizontal.svg_-1536x363.png 1536w, https:\/\/grupoxandra.eu\/wp-content\/uploads\/2025\/11\/Zurich_Insurance_Group_Logo_Horizontal.svg_-2048x484.png 2048w, https:\/\/grupoxandra.eu\/wp-content\/uploads\/2025\/11\/Zurich_Insurance_Group_Logo_Horizontal.svg_-600x142.png 600w\" sizes=\"(max-width: 800px) 100vw, 800px\" \/>\t\t\t\t\t\t\t\t\t\t\t\t\t\t\t<\/div>\n\t\t<div class=\"elementor-element elementor-element-aee40ed e-flex e-con-boxed e-con e-child\" data-id=\"aee40ed\" data-element_type=\"container\" data-e-type=\"container\">\n\t\t\t\t\t<div class=\"e-con-inner\">\n\t\t\t\t<div class=\"elementor-element elementor-element-d498456 elementor-widget elementor-widget-heading\" data-id=\"d498456\" data-element_type=\"widget\" data-e-type=\"widget\" data-widget_type=\"heading.default\">\n\t\t\t\t\t<h2 class=\"elementor-heading-title elementor-size-default\">Assurance responsabilit\u00e9 professionnelle en Espagne<\/h2>\t\t\t\t<\/div>\n\t\t\t\t<div class=\"elementor-element elementor-element-499cbd7 elementor-widget elementor-widget-text-editor\" data-id=\"499cbd7\" data-element_type=\"widget\" data-e-type=\"widget\" data-widget_type=\"text-editor.default\">\n\t\t\t\t\t\t\t\t\t<p>Une certitude pour tous les professionnels.<\/p>\t\t\t\t\t\t\t\t<\/div>\n\t\t\t\t<div class=\"elementor-element elementor-element-aed8c7a elementor-align-justify elementor-widget__width-initial elementor-widget-mobile__width-inherit elementor-widget elementor-widget-button\" data-id=\"aed8c7a\" data-element_type=\"widget\" data-e-type=\"widget\" data-widget_type=\"button.default\">\n\t\t\t\t\t\t\t\t\t\t<a class=\"elementor-button elementor-button-link elementor-size-sm\" href=\"https:\/\/forms.office.com\/pages\/responsepage.aspx?id=lPxZnv3N8kWv9ICVim2EgEYY2l0YiqJJmOndgoAkhudUMFpNUlAxQVkzSUc3RlVMUTY1UTZVRUpDUCQlQCN0PWcu&#038;route=shorturl\" target=\"_blank\" rel=\"noopener\">\n\t\t\t\t\t\t<span class=\"elementor-button-content-wrapper\">\n\t\t\t\t\t\t\t\t\t<span class=\"elementor-button-text\">DEMANDEZ VOTRE DEVIS MAINTENANT<\/span>\n\t\t\t\t\t<\/span>\n\t\t\t\t\t<\/a>\n\t\t\t\t\t\t\t\t<\/div>\n\t\t\t\t\t<\/div>\n\t\t\t\t<\/div>\n\t\t\t\t<\/div>\n\t\t<div class=\"elementor-element elementor-element-2ba32a8 e-con-full e-flex e-con e-parent\" data-id=\"2ba32a8\" data-element_type=\"container\" data-e-type=\"container\">\n\t\t\t\t<div class=\"elementor-element elementor-element-8ca856f elementor-widget elementor-widget-text-editor\" data-id=\"8ca856f\" data-element_type=\"widget\" data-e-type=\"widget\" data-widget_type=\"text-editor.default\">\n\t\t\t\t\t\t\t\t\t<p>En tant qu'ind\u00e9pendant ou professionnel, vous jouissez de la libert\u00e9 et de l'ind\u00e9pendance. Mais cette libert\u00e9 s'accompagne aussi de responsabilit\u00e9s. Que se passe-t-il si une erreur dans vos conseils ou votre travail cause un pr\u00e9judice \u00e0 un client ? Ou si vous perdez des documents et qu'une r\u00e9clamation s'ensuit ? De telles situations peuvent menacer non seulement votre r\u00e9putation, mais aussi votre avenir financier. Avec notre <span class=\"notion-enable-hover\" data-token-index=\"1\">assurance responsabilit\u00e9 professionnelle<\/span> vous travaillez en toute confiance, sachant qu'une erreur ne vous tuera pas.<!-- notionvc: 462d5a41-bc40-44ca-8edd-68d1fcd72298 --><br \/><!-- notionvc: e8f5702a-dfc8-4632-9806-72d2383c6816 --><\/p>\t\t\t\t\t\t\t\t<\/div>\n\t\t\t\t<\/div>\n\t\t<div class=\"elementor-element elementor-element-97b9a64 e-con-full e-flex e-con e-child\" data-id=\"97b9a64\" data-element_type=\"container\" data-e-type=\"container\" data-settings=\"{&quot;background_background&quot;:&quot;classic&quot;}\">\n\t\t<div class=\"elementor-element elementor-element-858e4ed e-con-full e-flex e-con e-child\" data-id=\"858e4ed\" data-element_type=\"container\" data-e-type=\"container\" data-settings=\"{&quot;background_background&quot;:&quot;classic&quot;}\">\n\t\t<div class=\"elementor-element elementor-element-27910db e-con-full e-flex e-con e-child\" data-id=\"27910db\" data-element_type=\"container\" data-e-type=\"container\" data-settings=\"{&quot;background_background&quot;:&quot;classic&quot;}\">\n\t\t\t\t<div class=\"elementor-element elementor-element-df2ce38 elementor-widget-widescreen__width-initial elementor-widget-tablet__width-initial elementor-widget-mobile__width-initial elementor-widget__width-initial elementor-widget elementor-widget-image\" data-id=\"df2ce38\" data-element_type=\"widget\" data-e-type=\"widget\" data-widget_type=\"image.default\">\n\t\t\t\t\t\t\t\t\t\t\t\t\t\t\t<img decoding=\"async\" width=\"800\" height=\"800\" src=\"https:\/\/grupoxandra.eu\/wp-content\/uploads\/2026\/02\/target.png\" class=\"attachment-full size-full wp-image-6291\" alt=\"\" srcset=\"https:\/\/grupoxandra.eu\/wp-content\/uploads\/2026\/02\/target.png 800w, https:\/\/grupoxandra.eu\/wp-content\/uploads\/2026\/02\/target-300x300.png 300w, https:\/\/grupoxandra.eu\/wp-content\/uploads\/2026\/02\/target-150x150.png 150w, https:\/\/grupoxandra.eu\/wp-content\/uploads\/2026\/02\/target-768x768.png 768w\" sizes=\"(max-width: 800px) 100vw, 800px\" \/>\t\t\t\t\t\t\t\t\t\t\t\t\t\t\t<\/div>\n\t\t\t\t<\/div>\n\t\t<div class=\"elementor-element elementor-element-bf3c77e e-con-full e-flex e-con e-child\" data-id=\"bf3c77e\" data-element_type=\"container\" data-e-type=\"container\">\n\t\t\t\t<div class=\"elementor-element elementor-element-8fe958a elementor-widget elementor-widget-heading\" data-id=\"8fe958a\" data-element_type=\"widget\" data-e-type=\"widget\" data-widget_type=\"heading.default\">\n\t\t\t\t\t<h2 class=\"elementor-heading-title elementor-size-default\">Quand en avez-vous besoin ?<\/h2>\t\t\t\t<\/div>\n\t\t\t\t<div class=\"elementor-element elementor-element-9a21a02 elementor-widget elementor-widget-text-editor\" data-id=\"9a21a02\" data-element_type=\"widget\" data-e-type=\"widget\" data-widget_type=\"text-editor.default\">\n\t\t\t\t\t\t\t\t\t<ul><li>Si une erreur ou une n\u00e9gligence cause un pr\u00e9judice financier \u00e0 un client.<\/li><li>Si un employ\u00e9 ou un sous-traitant commet une erreur dont vous \u00eates tenu responsable.<\/li><li>En cas de conflit concernant la perte de documents ou la protection des donn\u00e9es.<\/li><\/ul><p>Supposons que vous livriez un rapport contenant une erreur qui co\u00fbte de l'argent au client. Ou que vous perdiez un disque dur contenant des donn\u00e9es sensibles. Gr\u00e2ce \u00e0 cette assurance, les co\u00fbts et les cons\u00e9quences juridiques sont pris en charge.<\/p>\t\t\t\t\t\t\t\t<\/div>\n\t\t\t\t<\/div>\n\t\t\t\t<\/div>\n\t\t<div class=\"elementor-element elementor-element-0ce5d80 e-con-full e-flex e-con e-child\" data-id=\"0ce5d80\" data-element_type=\"container\" data-e-type=\"container\" data-settings=\"{&quot;background_background&quot;:&quot;classic&quot;}\">\n\t\t<div class=\"elementor-element elementor-element-25a00d5 e-con-full e-flex e-con e-child\" data-id=\"25a00d5\" data-element_type=\"container\" data-e-type=\"container\" data-settings=\"{&quot;background_background&quot;:&quot;classic&quot;}\">\n\t\t\t\t<div class=\"elementor-element elementor-element-7073f5b elementor-widget-widescreen__width-initial elementor-widget-tablet__width-initial elementor-widget-mobile__width-initial elementor-widget__width-initial elementor-widget elementor-widget-image\" data-id=\"7073f5b\" data-element_type=\"widget\" data-e-type=\"widget\" data-widget_type=\"image.default\">\n\t\t\t\t\t\t\t\t\t\t\t\t\t\t\t<img decoding=\"async\" width=\"683\" height=\"800\" src=\"https:\/\/grupoxandra.eu\/wp-content\/uploads\/2026\/02\/shieldlock.webp\" class=\"attachment-full size-full wp-image-6339\" alt=\"\" srcset=\"https:\/\/grupoxandra.eu\/wp-content\/uploads\/2026\/02\/shieldlock.webp 683w, https:\/\/grupoxandra.eu\/wp-content\/uploads\/2026\/02\/shieldlock-256x300.webp 256w\" sizes=\"(max-width: 683px) 100vw, 683px\" \/>\t\t\t\t\t\t\t\t\t\t\t\t\t\t\t<\/div>\n\t\t\t\t<\/div>\n\t\t<div class=\"elementor-element elementor-element-0d812f7 e-con-full e-flex e-con e-child\" data-id=\"0d812f7\" data-element_type=\"container\" data-e-type=\"container\">\n\t\t\t\t<div class=\"elementor-element elementor-element-b03d302 elementor-widget elementor-widget-heading\" data-id=\"b03d302\" data-element_type=\"widget\" data-e-type=\"widget\" data-widget_type=\"heading.default\">\n\t\t\t\t\t<h2 class=\"elementor-heading-title elementor-size-default\">Qu'est-ce qui fait la valeur de cette assurance ?<\/h2>\t\t\t\t<\/div>\n\t\t\t\t<div class=\"elementor-element elementor-element-e82a80b elementor-widget elementor-widget-text-editor\" data-id=\"e82a80b\" data-element_type=\"widget\" data-e-type=\"widget\" data-widget_type=\"text-editor.default\">\n\t\t\t\t\t\t\t\t\t<ul><li><strong>Votre travail prot\u00e9g\u00e9<\/strong>Les erreurs, les fautes et les omissions sont couvertes.<\/li><li><strong>Soutien juridique<\/strong>Le droit \u00e0 l'information : vous n'\u00eates jamais seul en cas de r\u00e9clamation ou de proc\u00e9dure.<\/li><li><strong>Couverture valable dans toute l'UE<\/strong>Le programme d'\u00e9ducation et de formation \u00e0 l'environnement : id\u00e9al pour les personnes qui travaillent \u00e0 l'international.<\/li><li><strong>Flexible<\/strong>Les services d'aide \u00e0 l'emploi : adapt\u00e9s \u00e0 votre profession et faciles \u00e0 g\u00e9rer.<\/li><\/ul>\t\t\t\t\t\t\t\t<\/div>\n\t\t\t\t<\/div>\n\t\t\t\t<\/div>\n\t\t\t\t<\/div>\n\t\t<div class=\"elementor-element elementor-element-6c6e940 e-con-full e-flex e-con e-parent\" data-id=\"6c6e940\" data-element_type=\"container\" data-e-type=\"container\" data-settings=\"{&quot;background_background&quot;:&quot;classic&quot;}\">\n\t\t\t\t<div class=\"elementor-element elementor-element-ba9798a white-filter elementor-widget elementor-widget-image\" data-id=\"ba9798a\" data-element_type=\"widget\" data-e-type=\"widget\" data-widget_type=\"image.default\">\n\t\t\t\t\t\t\t\t\t\t\t\t\t\t\t<img fetchpriority=\"high\" decoding=\"async\" width=\"800\" height=\"189\" src=\"https:\/\/grupoxandra.eu\/wp-content\/uploads\/2025\/11\/Zurich_Insurance_Group_Logo_Horizontal.svg_-1024x242.png\" class=\"attachment-large size-large wp-image-3907\" alt=\"\" srcset=\"https:\/\/grupoxandra.eu\/wp-content\/uploads\/2025\/11\/Zurich_Insurance_Group_Logo_Horizontal.svg_-1024x242.png 1024w, https:\/\/grupoxandra.eu\/wp-content\/uploads\/2025\/11\/Zurich_Insurance_Group_Logo_Horizontal.svg_-300x71.png 300w, https:\/\/grupoxandra.eu\/wp-content\/uploads\/2025\/11\/Zurich_Insurance_Group_Logo_Horizontal.svg_-768x182.png 768w, https:\/\/grupoxandra.eu\/wp-content\/uploads\/2025\/11\/Zurich_Insurance_Group_Logo_Horizontal.svg_-1536x363.png 1536w, https:\/\/grupoxandra.eu\/wp-content\/uploads\/2025\/11\/Zurich_Insurance_Group_Logo_Horizontal.svg_-2048x484.png 2048w, https:\/\/grupoxandra.eu\/wp-content\/uploads\/2025\/11\/Zurich_Insurance_Group_Logo_Horizontal.svg_-600x142.png 600w\" sizes=\"(max-width: 800px) 100vw, 800px\" \/>\t\t\t\t\t\t\t\t\t\t\t\t\t\t\t<\/div>\n\t\t<div class=\"elementor-element elementor-element-923eee8 e-flex e-con-boxed e-con e-child\" data-id=\"923eee8\" data-element_type=\"container\" data-e-type=\"container\">\n\t\t\t\t\t<div class=\"e-con-inner\">\n\t\t\t\t<div class=\"elementor-element elementor-element-80b2115 elementor-widget elementor-widget-heading\" data-id=\"80b2115\" data-element_type=\"widget\" data-e-type=\"widget\" data-widget_type=\"heading.default\">\n\t\t\t\t\t<h2 class=\"elementor-heading-title elementor-size-default\">Concentrez-vous sur votre activit\u00e9, nous nous occupons du reste<\/h2>\t\t\t\t<\/div>\n\t\t\t\t<div class=\"elementor-element elementor-element-9e7fa11 elementor-widget__width-initial elementor-widget elementor-widget-text-editor\" data-id=\"9e7fa11\" data-element_type=\"widget\" data-e-type=\"widget\" data-widget_type=\"text-editor.default\">\n\t\t\t\t\t\t\t\t\t<p>Vous voulez consacrer votre temps \u00e0 vos clients et \u00e0 votre expertise, et non \u00e0 des soucis juridiques. Avec GrupoXandra, vous savez que vos int\u00e9r\u00eats seront d\u00e9fendus et qu'un faux pas ne signifie pas la fin.<\/p><p>Demandez votre <strong>devis gratuit<\/strong> et d\u00e9couvrez \u00e0 quel point il est facile de faire son travail en \u00e9tant bien prot\u00e9g\u00e9.<!-- notionvc: 9c79622d-b3fb-4d44-8181-7ee4f296dff5 --><\/p><p><!-- notionvc: c679d973-5ae3-483a-93c3-bb848d4437b1 --><\/p>\t\t\t\t\t\t\t\t<\/div>\n\t\t\t\t<div class=\"elementor-element elementor-element-cc02eda elementor-align-justify elementor-widget__width-initial elementor-widget-mobile__width-initial elementor-widget elementor-widget-button\" data-id=\"cc02eda\" data-element_type=\"widget\" data-e-type=\"widget\" data-widget_type=\"button.default\">\n\t\t\t\t\t\t\t\t\t\t<a class=\"elementor-button elementor-button-link elementor-size-sm\" href=\"https:\/\/forms.office.com\/pages\/responsepage.aspx?id=lPxZnv3N8kWv9ICVim2EgEYY2l0YiqJJmOndgoAkhudUMFpNUlAxQVkzSUc3RlVMUTY1UTZVRUpDUCQlQCN0PWcu&#038;route=shorturl\" target=\"_blank\" rel=\"noopener\">\n\t\t\t\t\t\t<span class=\"elementor-button-content-wrapper\">\n\t\t\t\t\t\t\t\t\t<span class=\"elementor-button-text\">DEMANDEZ VOTRE DEVIS MAINTENANT<\/span>\n\t\t\t\t\t<\/span>\n\t\t\t\t\t<\/a>\n\t\t\t\t\t\t\t\t<\/div>\n\t\t\t\t\t<\/div>\n\t\t\t\t<\/div>\n\t\t\t\t<\/div>\n\t\t<div class=\"elementor-element elementor-element-dab16fc e-flex e-con-boxed e-con e-parent\" data-id=\"dab16fc\" data-element_type=\"container\" data-e-type=\"container\" data-settings=\"{&quot;background_background&quot;:&quot;classic&quot;}\">\n\t\t\t\t\t<div class=\"e-con-inner\">\n\t\t\t\t<div class=\"elementor-element elementor-element-56b271e elementor-widget elementor-widget-heading\" data-id=\"56b271e\" data-element_type=\"widget\" data-e-type=\"widget\" data-widget_type=\"heading.default\">\n\t\t\t\t\t<h2 class=\"elementor-heading-title elementor-size-default\">Vous avez des questions ? Trouvez les r\u00e9ponses ici<\/h2>\t\t\t\t<\/div>\n\t\t\t\t<div class=\"elementor-element elementor-element-c069ae6 elementor-widget elementor-widget-n-accordion\" data-id=\"c069ae6\" data-element_type=\"widget\" data-e-type=\"widget\" data-settings=\"{&quot;n_accordion_animation_duration&quot;:{&quot;unit&quot;:&quot;ms&quot;,&quot;size&quot;:250,&quot;sizes&quot;:[]},&quot;default_state&quot;:&quot;expanded&quot;,&quot;max_items_expended&quot;:&quot;one&quot;}\" data-widget_type=\"nested-accordion.default\">\n\t\t\t\t\t\t\t<div class=\"e-n-accordion\" aria-label=\"Accord\u00e9on. Ouvrez les liens avec Enter ou Space, fermez-les avec Escape et naviguez avec les touches fl\u00e9ch\u00e9es.\">\n\t\t\t\t\t\t<details id=\"e-n-accordion-item-2010\" class=\"e-n-accordion-item\" open>\n\t\t\t\t<summary class=\"e-n-accordion-item-title\" data-accordion-index=\"1\" tabindex=\"0\" aria-expanded=\"true\" aria-controls=\"e-n-accordion-item-2010\" >\n\t\t\t\t\t<span class='e-n-accordion-item-title-header'><div class=\"e-n-accordion-item-title-text\"> Quelle est la diff\u00e9rence entre la responsabilit\u00e9 professionnelle et la responsabilit\u00e9 ordinaire ? <\/div><\/span>\n\t\t\t\t\t\t\t\t\t<\/summary>\n\t\t\t\t<div role=\"region\" aria-labelledby=\"e-n-accordion-item-2010\" class=\"elementor-element elementor-element-16728ea e-con-full e-flex e-con e-child\" data-id=\"16728ea\" data-element_type=\"container\" data-e-type=\"container\">\n\t\t\t\t<div class=\"elementor-element elementor-element-1b8d9a7 elementor-widget elementor-widget-text-editor\" data-id=\"1b8d9a7\" data-element_type=\"widget\" data-e-type=\"widget\" data-widget_type=\"text-editor.default\">\n\t\t\t\t\t\t\t\t\t<p>A <span class=\"notion-enable-hover\" data-token-index=\"1\">assurance responsabilit\u00e9 civile<\/span> couvre les dommages physiques et mat\u00e9riels caus\u00e9s aux tiers. A <span class=\"notion-enable-hover\" data-token-index=\"3\">assurance responsabilit\u00e9 professionnelle<\/span> couvre correctement <span class=\"notion-enable-hover\" data-token-index=\"5\">perte financi\u00e8re<\/span> caus\u00e9s par des erreurs, des fautes ou des n\u00e9gligences dans votre travail ou vos conseils.<!-- notionvc: 76e0799c-078c-4b5b-b9c8-a24a42111e15 --><br \/><!-- notionvc: 903f54b1-3285-4354-bbfa-640990d520d3 --><\/p>\t\t\t\t\t\t\t\t<\/div>\n\t\t\t\t<\/div>\n\t\t\t\t\t<\/details>\n\t\t\t\t\t\t<details id=\"e-n-accordion-item-2011\" class=\"e-n-accordion-item\" >\n\t\t\t\t<summary class=\"e-n-accordion-item-title\" data-accordion-index=\"2\" tabindex=\"-1\" aria-expanded=\"false\" aria-controls=\"e-n-accordion-item-2011\" >\n\t\t\t\t\t<span class='e-n-accordion-item-title-header'><div class=\"e-n-accordion-item-title-text\"> Pour qui cette assurance est-elle obligatoire en Espagne ? <\/div><\/span>\n\t\t\t\t\t\t\t\t\t<\/summary>\n\t\t\t\t<div role=\"region\" aria-labelledby=\"e-n-accordion-item-2011\" class=\"elementor-element elementor-element-11f9f61 e-con-full e-flex e-con e-child\" data-id=\"11f9f61\" data-element_type=\"container\" data-e-type=\"container\">\n\t\t\t\t<div class=\"elementor-element elementor-element-27f4db5 elementor-widget elementor-widget-text-editor\" data-id=\"27f4db5\" data-element_type=\"widget\" data-e-type=\"widget\" data-widget_type=\"text-editor.default\">\n\t\t\t\t\t\t\t\t\t<p>Pour certaines professions telles que <span class=\"notion-enable-hover\" data-token-index=\"1\">avocats, architectes, m\u00e9decins et ing\u00e9nieurs<\/span> l'assurance responsabilit\u00e9 civile professionnelle est exig\u00e9e par la loi. Pour les autres professionnels, elle est fortement recommand\u00e9e.<!-- notionvc: 14153fdc-c1b6-42c5-adcf-a4f2fab8cd6d --><br \/><!-- notionvc: 903f54b1-3285-4354-bbfa-640990d520d3 --><\/p>\t\t\t\t\t\t\t\t<\/div>\n\t\t\t\t<\/div>\n\t\t\t\t\t<\/details>\n\t\t\t\t\t\t<details id=\"e-n-accordion-item-2012\" class=\"e-n-accordion-item\" >\n\t\t\t\t<summary class=\"e-n-accordion-item-title\" data-accordion-index=\"3\" tabindex=\"-1\" aria-expanded=\"false\" aria-controls=\"e-n-accordion-item-2012\" >\n\t\t\t\t\t<span class='e-n-accordion-item-title-header'><div class=\"e-n-accordion-item-title-text\"> Quelles sont les erreurs assur\u00e9es par d\u00e9faut ? <\/div><\/span>\n\t\t\t\t\t\t\t\t\t<\/summary>\n\t\t\t\t<div role=\"region\" aria-labelledby=\"e-n-accordion-item-2012\" class=\"elementor-element elementor-element-c0c364c e-con-full e-flex e-con e-child\" data-id=\"c0c364c\" data-element_type=\"container\" data-e-type=\"container\">\n\t\t\t\t<div class=\"elementor-element elementor-element-05a1e71 elementor-widget elementor-widget-text-editor\" data-id=\"05a1e71\" data-element_type=\"widget\" data-e-type=\"widget\" data-widget_type=\"text-editor.default\">\n\t\t\t\t\t\t\t\t\t<p>Entre autres <span class=\"notion-enable-hover\" data-token-index=\"1\">les erreurs de conseil, la rupture de contrat par n\u00e9gligence, la perte de documents, les erreurs commises par des employ\u00e9s ou des sous-traitants et la violation de la confidentialit\u00e9.<\/span>.<!-- notionvc: 2c3271db-0fec-40b1-b8de-38e3eaaf7ecd --><br \/><!-- notionvc: 903f54b1-3285-4354-bbfa-640990d520d3 --><\/p>\t\t\t\t\t\t\t\t<\/div>\n\t\t\t\t<\/div>\n\t\t\t\t\t<\/details>\n\t\t\t\t\t\t<details id=\"e-n-accordion-item-2013\" class=\"e-n-accordion-item\" >\n\t\t\t\t<summary class=\"e-n-accordion-item-title\" data-accordion-index=\"4\" tabindex=\"-1\" aria-expanded=\"false\" aria-controls=\"e-n-accordion-item-2013\" >\n\t\t\t\t\t<span class='e-n-accordion-item-title-header'><div class=\"e-n-accordion-item-title-text\"> Les r\u00e9clamations relatives \u00e0 la protection des donn\u00e9es (GDPR) sont-elles \u00e9galement couvertes ? <\/div><\/span>\n\t\t\t\t\t\t\t\t\t<\/summary>\n\t\t\t\t<div role=\"region\" aria-labelledby=\"e-n-accordion-item-2013\" class=\"elementor-element elementor-element-a7268f3 e-con-full e-flex e-con e-child\" data-id=\"a7268f3\" data-element_type=\"container\" data-e-type=\"container\">\n\t\t\t\t<div class=\"elementor-element elementor-element-b4af21d elementor-widget elementor-widget-text-editor\" data-id=\"b4af21d\" data-element_type=\"widget\" data-e-type=\"widget\" data-widget_type=\"text-editor.default\">\n\t\t\t\t\t\t\t\t\t<p>Oui. L'assurance peut couvrir <span class=\"notion-enable-hover\" data-token-index=\"1\">la perte de donn\u00e9es ou la violation des r\u00e8gles en mati\u00e8re de protection de la vie priv\u00e9e<\/span>, ce qui est crucial pour beaucoup d'entreprises et de travailleurs ind\u00e9pendants.<!-- notionvc: b9b34141-c16f-4df3-adff-4d3a93658084 --><br \/><!-- notionvc: 903f54b1-3285-4354-bbfa-640990d520d3 --><\/p>\t\t\t\t\t\t\t\t<\/div>\n\t\t\t\t<\/div>\n\t\t\t\t\t<\/details>\n\t\t\t\t\t\t<details id=\"e-n-accordion-item-2014\" class=\"e-n-accordion-item\" >\n\t\t\t\t<summary class=\"e-n-accordion-item-title\" data-accordion-index=\"5\" tabindex=\"-1\" aria-expanded=\"false\" aria-controls=\"e-n-accordion-item-2014\" >\n\t\t\t\t\t<span class='e-n-accordion-item-title-header'><div class=\"e-n-accordion-item-title-text\"> Suis-je assur\u00e9 si un sous-traitant commet une erreur ? <\/div><\/span>\n\t\t\t\t\t\t\t\t\t<\/summary>\n\t\t\t\t<div role=\"region\" aria-labelledby=\"e-n-accordion-item-2014\" class=\"elementor-element elementor-element-79dbfed e-con-full e-flex e-con e-child\" data-id=\"79dbfed\" data-element_type=\"container\" data-e-type=\"container\">\n\t\t\t\t<div class=\"elementor-element elementor-element-658b5eb elementor-widget elementor-widget-text-editor\" data-id=\"658b5eb\" data-element_type=\"widget\" data-e-type=\"widget\" data-widget_type=\"text-editor.default\">\n\t\t\t\t\t\t\t\t\t<p>Oui, vous restez responsable des travaux effectu\u00e9s sous votre nom. L'assurance couvre \u00e9galement <span class=\"notion-enable-hover\" data-token-index=\"1\">erreurs des sous-traitants<\/span>, sauf indication contraire.<!-- notionvc: 03909f99-ca63-4e8c-8fce-0c8a9668e856 --><br \/><!-- notionvc: 903f54b1-3285-4354-bbfa-640990d520d3 --><\/p>\t\t\t\t\t\t\t\t<\/div>\n\t\t\t\t<\/div>\n\t\t\t\t\t<\/details>\n\t\t\t\t\t\t<details id=\"e-n-accordion-item-2015\" class=\"e-n-accordion-item\" >\n\t\t\t\t<summary class=\"e-n-accordion-item-title\" data-accordion-index=\"6\" tabindex=\"-1\" aria-expanded=\"false\" aria-controls=\"e-n-accordion-item-2015\" >\n\t\t\t\t\t<span class='e-n-accordion-item-title-header'><div class=\"e-n-accordion-item-title-text\"> La couverture s'applique-t-elle uniquement en Espagne ? <\/div><\/span>\n\t\t\t\t\t\t\t\t\t<\/summary>\n\t\t\t\t<div role=\"region\" aria-labelledby=\"e-n-accordion-item-2015\" class=\"elementor-element elementor-element-f609f61 e-con-full e-flex e-con e-child\" data-id=\"f609f61\" data-element_type=\"container\" data-e-type=\"container\">\n\t\t\t\t<div class=\"elementor-element elementor-element-b484298 elementor-widget elementor-widget-text-editor\" data-id=\"b484298\" data-element_type=\"widget\" data-e-type=\"widget\" data-widget_type=\"text-editor.default\">\n\t\t\t\t\t\t\t\t\t<p>Non. Cette politique est valable en <span class=\"notion-enable-hover\" data-token-index=\"1\">Toute l'UE<\/span>, et souvent au-del\u00e0 lorsque vous travaillez au niveau international ou que vous avez des clients dans d'autres pays.<!-- notionvc: efd19c8b-2042-43be-af56-9d2e4fee2ee0 --><br \/><!-- notionvc: 903f54b1-3285-4354-bbfa-640990d520d3 --><\/p>\t\t\t\t\t\t\t\t<\/div>\n\t\t\t\t<\/div>\n\t\t\t\t\t<\/details>\n\t\t\t\t\t\t<details id=\"e-n-accordion-item-2016\" class=\"e-n-accordion-item\" >\n\t\t\t\t<summary class=\"e-n-accordion-item-title\" data-accordion-index=\"7\" tabindex=\"-1\" aria-expanded=\"false\" aria-controls=\"e-n-accordion-item-2016\" >\n\t\t\t\t\t<span class='e-n-accordion-item-title-header'><div class=\"e-n-accordion-item-title-text\"> Jusqu'o\u00f9 peut aller une demande d'indemnisation ? <\/div><\/span>\n\t\t\t\t\t\t\t\t\t<\/summary>\n\t\t\t\t<div role=\"region\" aria-labelledby=\"e-n-accordion-item-2016\" class=\"elementor-element elementor-element-9263042 e-con-full e-flex e-con e-child\" data-id=\"9263042\" data-element_type=\"container\" data-e-type=\"container\">\n\t\t\t\t<div class=\"elementor-element elementor-element-686ecad elementor-widget elementor-widget-text-editor\" data-id=\"686ecad\" data-element_type=\"widget\" data-e-type=\"widget\" data-widget_type=\"text-editor.default\">\n\t\t\t\t\t\t\t\t\t<p>Les demandes d'indemnisation peuvent s'\u00e9lever jusqu'\u00e0 <span class=\"notion-enable-hover\" data-token-index=\"1\">des centaines de milliers ou des millions d'euros<\/span>, selon le secteur. Il est donc important de choisir une somme d'assurance appropri\u00e9e.<!-- notionvc: f18fed8f-26dd-416e-a13b-95fc46dc0e9d --><br \/><!-- notionvc: 903f54b1-3285-4354-bbfa-640990d520d3 --><\/p>\t\t\t\t\t\t\t\t<\/div>\n\t\t\t\t<\/div>\n\t\t\t\t\t<\/details>\n\t\t\t\t\t\t<details id=\"e-n-accordion-item-2017\" class=\"e-n-accordion-item\" >\n\t\t\t\t<summary class=\"e-n-accordion-item-title\" data-accordion-index=\"8\" tabindex=\"-1\" aria-expanded=\"false\" aria-controls=\"e-n-accordion-item-2017\" >\n\t\t\t\t\t<span class='e-n-accordion-item-title-header'><div class=\"e-n-accordion-item-title-text\"> Les frais de justice sont-ils inclus ? <\/div><\/span>\n\t\t\t\t\t\t\t\t\t<\/summary>\n\t\t\t\t<div role=\"region\" aria-labelledby=\"e-n-accordion-item-2017\" class=\"elementor-element elementor-element-3e47fac e-con-full e-flex e-con e-child\" data-id=\"3e47fac\" data-element_type=\"container\" data-e-type=\"container\">\n\t\t\t\t<div class=\"elementor-element elementor-element-ec43b0a elementor-widget elementor-widget-text-editor\" data-id=\"ec43b0a\" data-element_type=\"widget\" data-e-type=\"widget\" data-widget_type=\"text-editor.default\">\n\t\t\t\t\t\t\t\t\t<p>Oui. <span class=\"notion-enable-hover\" data-token-index=\"1\">Frais d'avocat, de justice et d'expertise<\/span> en cas de sinistre sont inclus dans la couverture.<!-- notionvc: fb81414b-f1cf-41c1-85c4-d3df4d9ba84b --><br \/><!-- notionvc: 903f54b1-3285-4354-bbfa-640990d520d3 --><\/p>\t\t\t\t\t\t\t\t<\/div>\n\t\t\t\t<\/div>\n\t\t\t\t\t<\/details>\n\t\t\t\t\t\t<details id=\"e-n-accordion-item-2018\" class=\"e-n-accordion-item\" >\n\t\t\t\t<summary class=\"e-n-accordion-item-title\" data-accordion-index=\"9\" tabindex=\"-1\" aria-expanded=\"false\" aria-controls=\"e-n-accordion-item-2018\" >\n\t\t\t\t\t<span class='e-n-accordion-item-title-header'><div class=\"e-n-accordion-item-title-text\"> Puis-je choisir mon propre montant assur\u00e9 ? <\/div><\/span>\n\t\t\t\t\t\t\t\t\t<\/summary>\n\t\t\t\t<div role=\"region\" aria-labelledby=\"e-n-accordion-item-2018\" class=\"elementor-element elementor-element-c1c7bc2 e-con-full e-flex e-con e-child\" data-id=\"c1c7bc2\" data-element_type=\"container\" data-e-type=\"container\">\n\t\t\t\t<div class=\"elementor-element elementor-element-9bb94d0 elementor-widget elementor-widget-text-editor\" data-id=\"9bb94d0\" data-element_type=\"widget\" data-e-type=\"widget\" data-widget_type=\"text-editor.default\">\n\t\t\t\t\t\t\t\t\t<p>Oui, vous choisissez le capital en fonction de votre secteur et de vos risques. Pour les missions internationales ou les clients plus importants, souvent <span class=\"notion-enable-hover\" data-token-index=\"1\">des limites plus \u00e9lev\u00e9es<\/span> n\u00e9cessaires.<!-- notionvc: 5c073615-63e2-40d4-a132-f5ff7da0a40f --><br \/><!-- notionvc: 903f54b1-3285-4354-bbfa-640990d520d3 --><\/p>\t\t\t\t\t\t\t\t<\/div>\n\t\t\t\t<\/div>\n\t\t\t\t\t<\/details>\n\t\t\t\t\t\t<details id=\"e-n-accordion-item-2019\" class=\"e-n-accordion-item\" >\n\t\t\t\t<summary class=\"e-n-accordion-item-title\" data-accordion-index=\"10\" tabindex=\"-1\" aria-expanded=\"false\" aria-controls=\"e-n-accordion-item-2019\" >\n\t\t\t\t\t<span class='e-n-accordion-item-title-header'><div class=\"e-n-accordion-item-title-text\"> Les dommages \u00e0 la r\u00e9putation ou les frais de relations publiques sont-ils \u00e9galement couverts ? <\/div><\/span>\n\t\t\t\t\t\t\t\t\t<\/summary>\n\t\t\t\t<div role=\"region\" aria-labelledby=\"e-n-accordion-item-2019\" class=\"elementor-element elementor-element-624466c e-con-full e-flex e-con e-child\" data-id=\"624466c\" data-element_type=\"container\" data-e-type=\"container\">\n\t\t\t\t<div class=\"elementor-element elementor-element-15c2a8d elementor-widget elementor-widget-text-editor\" data-id=\"15c2a8d\" data-element_type=\"widget\" data-e-type=\"widget\" data-widget_type=\"text-editor.default\">\n\t\t\t\t\t\t\t\t\t<p>De plus en plus de polices d'assurance couvrent <span class=\"notion-enable-hover\" data-token-index=\"1\">Services de relations publiques et de communication<\/span> Limiter les atteintes \u00e0 la r\u00e9putation apr\u00e8s un sinistre.<!-- notionvc: 85d46281-1f40-4cdd-a800-3b3f3b7c91a7 --><br \/><!-- notionvc: 903f54b1-3285-4354-bbfa-640990d520d3 --><\/p>\t\t\t\t\t\t\t\t<\/div>\n\t\t\t\t<\/div>\n\t\t\t\t\t<\/details>\n\t\t\t\t\t\t<details id=\"e-n-accordion-item-20110\" class=\"e-n-accordion-item\" >\n\t\t\t\t<summary class=\"e-n-accordion-item-title\" data-accordion-index=\"11\" tabindex=\"-1\" aria-expanded=\"false\" aria-controls=\"e-n-accordion-item-20110\" >\n\t\t\t\t\t<span class='e-n-accordion-item-title-header'><div class=\"e-n-accordion-item-title-text\"> Comment la couverture fonctionne-t-elle pour les professions num\u00e9riques, telles que les consultants en informatique ou les sp\u00e9cialistes du marketing ? <\/div><\/span>\n\t\t\t\t\t\t\t\t\t<\/summary>\n\t\t\t\t<div role=\"region\" aria-labelledby=\"e-n-accordion-item-20110\" class=\"elementor-element elementor-element-f465b87 e-con-full e-flex e-con e-child\" data-id=\"f465b87\" data-element_type=\"container\" data-e-type=\"container\">\n\t\t\t\t<div class=\"elementor-element elementor-element-7c5978b elementor-widget elementor-widget-text-editor\" data-id=\"7c5978b\" data-element_type=\"widget\" data-e-type=\"widget\" data-widget_type=\"text-editor.default\">\n\t\t\t\t\t\t\t\t\t<p>En outre <span class=\"notion-enable-hover\" data-token-index=\"1\">Erreurs informatiques, probl\u00e8mes de logiciels ou conseils erron\u00e9s<\/span> qui causent des pertes financi\u00e8res aux clients peuvent \u00eatre assur\u00e9es.<!-- notionvc: 5b567e68-275f-4271-aca8-d7e3fab60410 --><br \/><!-- notionvc: 903f54b1-3285-4354-bbfa-640990d520d3 --><\/p>\t\t\t\t\t\t\t\t<\/div>\n\t\t\t\t<\/div>\n\t\t\t\t\t<\/details>\n\t\t\t\t\t\t<details id=\"e-n-accordion-item-20111\" class=\"e-n-accordion-item\" >\n\t\t\t\t<summary class=\"e-n-accordion-item-title\" data-accordion-index=\"12\" tabindex=\"-1\" aria-expanded=\"false\" aria-controls=\"e-n-accordion-item-20111\" >\n\t\t\t\t\t<span class='e-n-accordion-item-title-header'><div class=\"e-n-accordion-item-title-text\"> La fraude ou l'intention sont-elles \u00e9galement couvertes ? <\/div><\/span>\n\t\t\t\t\t\t\t\t\t<\/summary>\n\t\t\t\t<div role=\"region\" aria-labelledby=\"e-n-accordion-item-20111\" class=\"elementor-element elementor-element-12b54cd e-con-full e-flex e-con e-child\" data-id=\"12b54cd\" data-element_type=\"container\" data-e-type=\"container\">\n\t\t\t\t<div class=\"elementor-element elementor-element-5c2a438 elementor-widget elementor-widget-text-editor\" data-id=\"5c2a438\" data-element_type=\"widget\" data-e-type=\"widget\" data-widget_type=\"text-editor.default\">\n\t\t\t\t\t\t\t\t\t<p>Non. <span class=\"notion-enable-hover\" data-token-index=\"1\">Fraude, mauvaise conduite d\u00e9lib\u00e9r\u00e9e ou activit\u00e9s ill\u00e9gales<\/span> sont exclues. Seules les erreurs et omissions involontaires sont assur\u00e9es.<!-- notionvc: 6c94b5b6-24db-433f-bdc3-491847873612 --><br \/><!-- notionvc: 903f54b1-3285-4354-bbfa-640990d520d3 --><\/p>\t\t\t\t\t\t\t\t<\/div>\n\t\t\t\t<\/div>\n\t\t\t\t\t<\/details>\n\t\t\t\t\t\t<details id=\"e-n-accordion-item-20112\" class=\"e-n-accordion-item\" >\n\t\t\t\t<summary class=\"e-n-accordion-item-title\" data-accordion-index=\"13\" tabindex=\"-1\" aria-expanded=\"false\" aria-controls=\"e-n-accordion-item-20112\" >\n\t\t\t\t\t<span class='e-n-accordion-item-title-header'><div class=\"e-n-accordion-item-title-text\"> Dans quel d\u00e9lai puis-je souscrire l'assurance ? <\/div><\/span>\n\t\t\t\t\t\t\t\t\t<\/summary>\n\t\t\t\t<div role=\"region\" aria-labelledby=\"e-n-accordion-item-20112\" class=\"elementor-element elementor-element-c6cec6f e-con-full e-flex e-con e-child\" data-id=\"c6cec6f\" data-element_type=\"container\" data-e-type=\"container\">\n\t\t\t\t<div class=\"elementor-element elementor-element-cd24e70 elementor-widget elementor-widget-text-editor\" data-id=\"cd24e70\" data-element_type=\"widget\" data-e-type=\"widget\" data-widget_type=\"text-editor.default\">\n\t\t\t\t\t\t\t\t\t<p>Apr\u00e8s l'approbation de votre demande et l'\u00e9valuation des risques, la couverture peut g\u00e9n\u00e9ralement <span class=\"notion-enable-hover\" data-token-index=\"1\">dans les jours qui suivent<\/span> commencer.<!-- notionvc: 00681de0-d1e7-4f8c-b581-e1e4f4d63e59 --><br \/><!-- notionvc: 903f54b1-3285-4354-bbfa-640990d520d3 --><\/p>\t\t\t\t\t\t\t\t<\/div>\n\t\t\t\t<\/div>\n\t\t\t\t\t<\/details>\n\t\t\t\t\t\t<details id=\"e-n-accordion-item-20113\" class=\"e-n-accordion-item\" >\n\t\t\t\t<summary class=\"e-n-accordion-item-title\" data-accordion-index=\"14\" tabindex=\"-1\" aria-expanded=\"false\" aria-controls=\"e-n-accordion-item-20113\" >\n\t\t\t\t\t<span class='e-n-accordion-item-title-header'><div class=\"e-n-accordion-item-title-text\"> Dans quelles langues recevrai-je la politique et les orientations ? <\/div><\/span>\n\t\t\t\t\t\t\t\t\t<\/summary>\n\t\t\t\t<div role=\"region\" aria-labelledby=\"e-n-accordion-item-20113\" class=\"elementor-element elementor-element-42bd5a7 e-con-full e-flex e-con e-child\" data-id=\"42bd5a7\" data-element_type=\"container\" data-e-type=\"container\">\n\t\t\t\t<div class=\"elementor-element elementor-element-c35e2e9 elementor-widget elementor-widget-text-editor\" data-id=\"c35e2e9\" data-element_type=\"widget\" data-e-type=\"widget\" data-widget_type=\"text-editor.default\">\n\t\t\t\t\t\t\t\t\t<p>Les documents politiques officiels sont disponibles \u00e0 l'adresse suivante <span class=\"notion-enable-hover\" data-token-index=\"1\">Espagnol et souvent aussi en anglais<\/span>. GrupoXandra offre \u00e9galement des services dans les domaines suivants <span class=\"notion-enable-hover\" data-token-index=\"3\">N\u00e9erlandais, anglais, allemand, fran\u00e7ais et espagnol<\/span>.<!-- notionvc: 82abceb7-c936-4cbb-83bc-900e6c4d933c --><br \/><!-- notionvc: 903f54b1-3285-4354-bbfa-640990d520d3 --><\/p>\t\t\t\t\t\t\t\t<\/div>\n\t\t\t\t<\/div>\n\t\t\t\t\t<\/details>\n\t\t\t\t\t\t<details id=\"e-n-accordion-item-20114\" class=\"e-n-accordion-item\" >\n\t\t\t\t<summary class=\"e-n-accordion-item-title\" data-accordion-index=\"15\" tabindex=\"-1\" aria-expanded=\"false\" aria-controls=\"e-n-accordion-item-20114\" >\n\t\t\t\t\t<span class='e-n-accordion-item-title-header'><div class=\"e-n-accordion-item-title-text\"> Pourquoi les expatri\u00e9s choisissent-ils GrupoXandra pour leur responsabilit\u00e9 professionnelle ? <\/div><\/span>\n\t\t\t\t\t\t\t\t\t<\/summary>\n\t\t\t\t<div role=\"region\" aria-labelledby=\"e-n-accordion-item-20114\" class=\"elementor-element elementor-element-14b2972 e-con-full e-flex e-con e-child\" data-id=\"14b2972\" data-element_type=\"container\" data-e-type=\"container\">\n\t\t\t\t<div class=\"elementor-element elementor-element-f3649c8 elementor-widget elementor-widget-text-editor\" data-id=\"f3649c8\" data-element_type=\"widget\" data-e-type=\"widget\" data-widget_type=\"text-editor.default\">\n\t\t\t\t\t\t\t\t\t<p>Parce que nous <span class=\"notion-enable-hover\" data-token-index=\"1\">guider les expatri\u00e9s dans la complexit\u00e9 de la l\u00e9gislation espagnole<\/span>, Nous pouvons vous aider \u00e0 vous assurer que vous \u00eates non seulement assur\u00e9, mais aussi que vous savez o\u00f9 vous en \u00eates dans votre propre langue. Vous pourrez ainsi vous concentrer sur vos activit\u00e9s en toute confiance.<!-- notionvc: 4b71e611-9b67-4906-8464-34330a29a669 --><br \/><!-- notionvc: 903f54b1-3285-4354-bbfa-640990d520d3 --><\/p>\t\t\t\t\t\t\t\t<\/div>\n\t\t\t\t<\/div>\n\t\t\t\t\t<\/details>\n\t\t\t\t\t<\/div>\n\t\t\t\t\t\t<\/div>\n\t\t\t\t\t<\/div>\n\t\t\t\t<\/div>\n\t\t\t\t<\/div>","protected":false},"excerpt":{"rendered":"<p>Beroepsaansprakelijkheidsverzekering in Spanje Zekerheid voor elke professional. VRAAG NU UW OFFERTE AAN Als zelfstandige of professional geniet u van vrijheid en zelfstandigheid. Maar met die vrijheid komt ook verantwoordelijkheid. Wat als een fout in uw advies of werk schade veroorzaakt bij een klant? Of als u documenten kwijtraakt en er een claim volgt? Zulke situaties [&hellip;]<\/p>\n","protected":false},"author":1,"featured_media":0,"parent":0,"menu_order":0,"comment_status":"closed","ping_status":"closed","template":"","meta":{"footnotes":""},"class_list":["post-4541","page","type-page","status-publish","hentry"],"_links":{"self":[{"href":"https:\/\/grupoxandra.eu\/fr\/wp-json\/wp\/v2\/pages\/4541","targetHints":{"allow":["GET"]}}],"collection":[{"href":"https:\/\/grupoxandra.eu\/fr\/wp-json\/wp\/v2\/pages"}],"about":[{"href":"https:\/\/grupoxandra.eu\/fr\/wp-json\/wp\/v2\/types\/page"}],"author":[{"embeddable":true,"href":"https:\/\/grupoxandra.eu\/fr\/wp-json\/wp\/v2\/users\/1"}],"replies":[{"embeddable":true,"href":"https:\/\/grupoxandra.eu\/fr\/wp-json\/wp\/v2\/comments?post=4541"}],"version-history":[{"count":22,"href":"https:\/\/grupoxandra.eu\/fr\/wp-json\/wp\/v2\/pages\/4541\/revisions"}],"predecessor-version":[{"id":6345,"href":"https:\/\/grupoxandra.eu\/fr\/wp-json\/wp\/v2\/pages\/4541\/revisions\/6345"}],"wp:attachment":[{"href":"https:\/\/grupoxandra.eu\/fr\/wp-json\/wp\/v2\/media?parent=4541"}],"curies":[{"name":"wp","href":"https:\/\/api.w.org\/{rel}","templated":true}]}}