{"id":4525,"date":"2025-12-23T11:57:04","date_gmt":"2025-12-23T11:57:04","guid":{"rendered":"https:\/\/grupoxandra.eu\/?page_id=4525"},"modified":"2026-02-13T18:40:15","modified_gmt":"2026-02-13T18:40:15","slug":"bedrijfsverzekering-voor-kmo","status":"publish","type":"page","link":"https:\/\/grupoxandra.eu\/de\/bedrijfsverzekering-voor-kmo\/","title":{"rendered":"Bedrijfsverzekering voor KMO"},"content":{"rendered":"<div data-elementor-type=\"wp-page\" data-elementor-id=\"4525\" class=\"elementor elementor-4525\" data-elementor-post-type=\"page\">\n\t\t\t\t<div class=\"elementor-element elementor-element-d64681f e-con-full e-flex e-con e-parent\" data-id=\"d64681f\" data-element_type=\"container\" data-e-type=\"container\" data-settings=\"{&quot;background_background&quot;:&quot;classic&quot;}\">\n\t\t\t\t<div class=\"elementor-element elementor-element-958a47d white-filter elementor-widget elementor-widget-image\" data-id=\"958a47d\" data-element_type=\"widget\" data-e-type=\"widget\" data-widget_type=\"image.default\">\n\t\t\t\t\t\t\t\t\t\t\t\t\t\t\t<img fetchpriority=\"high\" decoding=\"async\" width=\"800\" height=\"189\" src=\"https:\/\/grupoxandra.eu\/wp-content\/uploads\/2025\/11\/Zurich_Insurance_Group_Logo_Horizontal.svg_-1024x242.png\" class=\"attachment-large size-large wp-image-3907\" alt=\"\" srcset=\"https:\/\/grupoxandra.eu\/wp-content\/uploads\/2025\/11\/Zurich_Insurance_Group_Logo_Horizontal.svg_-1024x242.png 1024w, https:\/\/grupoxandra.eu\/wp-content\/uploads\/2025\/11\/Zurich_Insurance_Group_Logo_Horizontal.svg_-300x71.png 300w, https:\/\/grupoxandra.eu\/wp-content\/uploads\/2025\/11\/Zurich_Insurance_Group_Logo_Horizontal.svg_-768x182.png 768w, https:\/\/grupoxandra.eu\/wp-content\/uploads\/2025\/11\/Zurich_Insurance_Group_Logo_Horizontal.svg_-1536x363.png 1536w, https:\/\/grupoxandra.eu\/wp-content\/uploads\/2025\/11\/Zurich_Insurance_Group_Logo_Horizontal.svg_-2048x484.png 2048w, https:\/\/grupoxandra.eu\/wp-content\/uploads\/2025\/11\/Zurich_Insurance_Group_Logo_Horizontal.svg_-600x142.png 600w\" sizes=\"(max-width: 800px) 100vw, 800px\" \/>\t\t\t\t\t\t\t\t\t\t\t\t\t\t\t<\/div>\n\t\t<div class=\"elementor-element elementor-element-aee40ed e-flex e-con-boxed e-con e-child\" data-id=\"aee40ed\" data-element_type=\"container\" data-e-type=\"container\">\n\t\t\t\t\t<div class=\"e-con-inner\">\n\t\t\t\t<div class=\"elementor-element elementor-element-d498456 elementor-widget elementor-widget-heading\" data-id=\"d498456\" data-element_type=\"widget\" data-e-type=\"widget\" data-widget_type=\"heading.default\">\n\t\t\t\t\t<h2 class=\"elementor-heading-title elementor-size-default\">Unternehmensversicherung f\u00fcr KMU in Spanien<\/h2>\t\t\t\t<\/div>\n\t\t\t\t<div class=\"elementor-element elementor-element-499cbd7 elementor-widget elementor-widget-text-editor\" data-id=\"499cbd7\" data-element_type=\"widget\" data-e-type=\"widget\" data-widget_type=\"text-editor.default\">\n\t\t\t\t\t\t\t\t\t<p>Sicherheit f\u00fcr jeden Unternehmer.<\/p>\t\t\t\t\t\t\t\t<\/div>\n\t\t\t\t<div class=\"elementor-element elementor-element-aed8c7a elementor-align-justify elementor-widget__width-initial elementor-widget-mobile__width-inherit elementor-widget elementor-widget-button\" data-id=\"aed8c7a\" data-element_type=\"widget\" data-e-type=\"widget\" data-widget_type=\"button.default\">\n\t\t\t\t\t\t\t\t\t\t<a class=\"elementor-button elementor-button-link elementor-size-sm\" href=\"https:\/\/forms.office.com\/pages\/responsepage.aspx?id=lPxZnv3N8kWv9ICVim2EgEYY2l0YiqJJmOndgoAkhudUNVNCOFZOSDE4NVVXMVdFQzFQRlZYWEtVMyQlQCN0PWcu&#038;route=shorturl\" target=\"_blank\" rel=\"noopener\">\n\t\t\t\t\t\t<span class=\"elementor-button-content-wrapper\">\n\t\t\t\t\t\t\t\t\t<span class=\"elementor-button-text\">JETZT ANGEBOT ANFORDERN<\/span>\n\t\t\t\t\t<\/span>\n\t\t\t\t\t<\/a>\n\t\t\t\t\t\t\t\t<\/div>\n\t\t\t\t\t<\/div>\n\t\t\t\t<\/div>\n\t\t\t\t<\/div>\n\t\t<div class=\"elementor-element elementor-element-2ba32a8 e-con-full e-flex e-con e-parent\" data-id=\"2ba32a8\" data-element_type=\"container\" data-e-type=\"container\">\n\t\t\t\t<div class=\"elementor-element elementor-element-8ca856f elementor-widget elementor-widget-text-editor\" data-id=\"8ca856f\" data-element_type=\"widget\" data-e-type=\"widget\" data-widget_type=\"text-editor.default\">\n\t\t\t\t\t\t\t\t\t<p>Die F\u00fchrung eines KMU in Spanien ist ein Abenteuer, auf das man stolz sein kann. Sie stecken Ihre Zeit, Ihre Leidenschaft und Ihre Ersparnisse in dieses Unternehmen. Aber ein unerwartetes Ereignis - ein Brand im Lager, ein Einbruch oder ein Wasserschaden - kann Ihr Unternehmen pl\u00f6tzlich zum Stillstand bringen. Mit unserer <span class=\"notion-enable-hover\" data-token-index=\"1\">Unternehmensversicherung f\u00fcr KMU<\/span> m\u00fcssen Sie sich dar\u00fcber keine Sorgen machen. Sie sch\u00fctzen Ihr Eigentum, Ihre Ressourcen und Ihre Zukunft.<!-- notionvc: e8f5702a-dfc8-4632-9806-72d2383c6816 --><\/p>\t\t\t\t\t\t\t\t<\/div>\n\t\t\t\t<\/div>\n\t\t<div class=\"elementor-element elementor-element-d917eb5 e-con-full e-flex e-con e-parent\" data-id=\"d917eb5\" data-element_type=\"container\" data-e-type=\"container\" data-settings=\"{&quot;background_background&quot;:&quot;classic&quot;}\">\n\t\t<div class=\"elementor-element elementor-element-32b6b17 e-con-full e-flex e-con e-child\" data-id=\"32b6b17\" data-element_type=\"container\" data-e-type=\"container\">\n\t\t<div class=\"elementor-element elementor-element-2632e31 e-con-full e-flex e-con e-child\" data-id=\"2632e31\" data-element_type=\"container\" data-e-type=\"container\" data-settings=\"{&quot;background_background&quot;:&quot;classic&quot;}\">\n\t\t<div class=\"elementor-element elementor-element-d620af3 e-con-full e-flex e-con e-child\" data-id=\"d620af3\" data-element_type=\"container\" data-e-type=\"container\" data-settings=\"{&quot;background_background&quot;:&quot;classic&quot;}\">\n\t\t\t\t<div class=\"elementor-element elementor-element-7dff4bd elementor-widget-widescreen__width-initial elementor-widget-tablet__width-initial elementor-widget-mobile__width-initial elementor-widget__width-initial elementor-widget elementor-widget-image\" data-id=\"7dff4bd\" data-element_type=\"widget\" data-e-type=\"widget\" data-widget_type=\"image.default\">\n\t\t\t\t\t\t\t\t\t\t\t\t\t\t\t<img decoding=\"async\" width=\"800\" height=\"800\" src=\"https:\/\/grupoxandra.eu\/wp-content\/uploads\/2026\/02\/target.png\" class=\"attachment-full size-full wp-image-6291\" alt=\"\" srcset=\"https:\/\/grupoxandra.eu\/wp-content\/uploads\/2026\/02\/target.png 800w, https:\/\/grupoxandra.eu\/wp-content\/uploads\/2026\/02\/target-300x300.png 300w, https:\/\/grupoxandra.eu\/wp-content\/uploads\/2026\/02\/target-150x150.png 150w, https:\/\/grupoxandra.eu\/wp-content\/uploads\/2026\/02\/target-768x768.png 768w\" sizes=\"(max-width: 800px) 100vw, 800px\" \/>\t\t\t\t\t\t\t\t\t\t\t\t\t\t\t<\/div>\n\t\t\t\t<\/div>\n\t\t<div class=\"elementor-element elementor-element-c12e0dc e-con-full e-flex e-con e-child\" data-id=\"c12e0dc\" data-element_type=\"container\" data-e-type=\"container\">\n\t\t\t\t<div class=\"elementor-element elementor-element-253d513 elementor-widget elementor-widget-heading\" data-id=\"253d513\" data-element_type=\"widget\" data-e-type=\"widget\" data-widget_type=\"heading.default\">\n\t\t\t\t\t<h2 class=\"elementor-heading-title elementor-size-default\">F\u00fcr wen ist das bestimmt?<\/h2>\t\t\t\t<\/div>\n\t\t\t\t<div class=\"elementor-element elementor-element-5205482 elementor-widget elementor-widget-text-editor\" data-id=\"5205482\" data-element_type=\"widget\" data-e-type=\"widget\" data-widget_type=\"text-editor.default\">\n\t\t\t\t\t\t\t\t\t<p>Diese Versicherung richtet sich an Inhaber kleiner und mittlerer Unternehmen, die ihren Betrieb gegen die h\u00e4ufigsten Risiken absichern wollen. Egal, ob Sie ein B\u00fcro, eine Werkstatt, eine kleine Produktionseinheit oder einen Gastronomiebetrieb haben: Mit diesem Paket sind Sie nicht allein, wenn das Unerwartete passiert.<br \/><!-- notionvc: 407685b4-62eb-4941-9bce-b3f566d507c2 --><\/p>\t\t\t\t\t\t\t\t<\/div>\n\t\t\t\t<\/div>\n\t\t\t\t<\/div>\n\t\t<div class=\"elementor-element elementor-element-b1efc30 e-con-full e-flex e-con e-child\" data-id=\"b1efc30\" data-element_type=\"container\" data-e-type=\"container\" data-settings=\"{&quot;background_background&quot;:&quot;classic&quot;}\">\n\t\t<div class=\"elementor-element elementor-element-e308b50 e-con-full e-flex e-con e-child\" data-id=\"e308b50\" data-element_type=\"container\" data-e-type=\"container\" data-settings=\"{&quot;background_background&quot;:&quot;classic&quot;}\">\n\t\t\t\t<div class=\"elementor-element elementor-element-ad4f3b1 elementor-widget-widescreen__width-initial elementor-widget-tablet__width-initial elementor-widget-mobile__width-initial elementor-widget__width-initial elementor-widget elementor-widget-image\" data-id=\"ad4f3b1\" data-element_type=\"widget\" data-e-type=\"widget\" data-widget_type=\"image.default\">\n\t\t\t\t\t\t\t\t\t\t\t\t\t\t\t<img decoding=\"async\" width=\"690\" height=\"800\" src=\"https:\/\/grupoxandra.eu\/wp-content\/uploads\/2026\/02\/shieldstar.png\" class=\"attachment-full size-full wp-image-6292\" alt=\"\" srcset=\"https:\/\/grupoxandra.eu\/wp-content\/uploads\/2026\/02\/shieldstar.png 690w, https:\/\/grupoxandra.eu\/wp-content\/uploads\/2026\/02\/shieldstar-259x300.png 259w\" sizes=\"(max-width: 690px) 100vw, 690px\" \/>\t\t\t\t\t\t\t\t\t\t\t\t\t\t\t<\/div>\n\t\t\t\t<\/div>\n\t\t<div class=\"elementor-element elementor-element-eaaada4 e-con-full e-flex e-con e-child\" data-id=\"eaaada4\" data-element_type=\"container\" data-e-type=\"container\">\n\t\t\t\t<div class=\"elementor-element elementor-element-84c6e78 elementor-widget elementor-widget-heading\" data-id=\"84c6e78\" data-element_type=\"widget\" data-e-type=\"widget\" data-widget_type=\"heading.default\">\n\t\t\t\t\t<h2 class=\"elementor-heading-title elementor-size-default\">Was ist, wenn etwas schief geht?<\/h2>\t\t\t\t<\/div>\n\t\t\t\t<div class=\"elementor-element elementor-element-528a3e6 elementor-widget elementor-widget-text-editor\" data-id=\"528a3e6\" data-element_type=\"widget\" data-e-type=\"widget\" data-widget_type=\"text-editor.default\">\n\t\t\t\t\t\t\t\t\t<p>Ihr Unternehmen bleibt vor Vorf\u00e4llen gesch\u00fctzt, die Ihren Betrieb lahm legen k\u00f6nnten:<\/p><ul><li>Brand, Explosion oder Blitzschlag<\/li><li>Sturm, \u00dcberschwemmung, Rauch oder Vandalismus<\/li><li>Wassersch\u00e4den, einschlie\u00dflich Erkennung und Reparatur von Lecks<\/li><li>Glasbruch und Sch\u00e4den an Schildern, Fenstern oder Sanit\u00e4ranlagen<\/li><li>Elektrische Sch\u00e4den an Anlagen und Ger\u00e4ten<\/li><\/ul><p>Ein undichtes Wasserrohr oder ein Sturm, der Ihr Schaufenster zerst\u00f6rt? Mit dieser Versicherung sind Sie schnell wieder auf den Beinen und k\u00f6nnen Ihr Gesch\u00e4ft weiterf\u00fchren.<\/p>\t\t\t\t\t\t\t\t<\/div>\n\t\t\t\t<\/div>\n\t\t\t\t<\/div>\n\t\t\t\t<\/div>\n\t\t<div class=\"elementor-element elementor-element-5bfd870 e-con-full e-flex e-con e-child\" data-id=\"5bfd870\" data-element_type=\"container\" data-e-type=\"container\">\n\t\t<div class=\"elementor-element elementor-element-8e007c6 e-con-full e-flex e-con e-child\" data-id=\"8e007c6\" data-element_type=\"container\" data-e-type=\"container\" data-settings=\"{&quot;background_background&quot;:&quot;classic&quot;}\">\n\t\t<div class=\"elementor-element elementor-element-cbf5df1 e-con-full e-flex e-con e-child\" data-id=\"cbf5df1\" data-element_type=\"container\" data-e-type=\"container\" data-settings=\"{&quot;background_background&quot;:&quot;classic&quot;}\">\n\t\t\t\t<div class=\"elementor-element elementor-element-fc37748 elementor-widget-widescreen__width-initial elementor-widget-tablet__width-initial elementor-widget-mobile__width-initial elementor-widget__width-initial elementor-widget elementor-widget-image\" data-id=\"fc37748\" data-element_type=\"widget\" data-e-type=\"widget\" data-widget_type=\"image.default\">\n\t\t\t\t\t\t\t\t\t\t\t\t\t\t\t<img loading=\"lazy\" decoding=\"async\" width=\"800\" height=\"712\" src=\"https:\/\/grupoxandra.eu\/wp-content\/uploads\/2026\/02\/moneydanger.webp\" class=\"attachment-full size-full wp-image-6293\" alt=\"\" srcset=\"https:\/\/grupoxandra.eu\/wp-content\/uploads\/2026\/02\/moneydanger.webp 800w, https:\/\/grupoxandra.eu\/wp-content\/uploads\/2026\/02\/moneydanger-300x267.webp 300w, https:\/\/grupoxandra.eu\/wp-content\/uploads\/2026\/02\/moneydanger-768x684.webp 768w\" sizes=\"(max-width: 800px) 100vw, 800px\" \/>\t\t\t\t\t\t\t\t\t\t\t\t\t\t\t<\/div>\n\t\t\t\t<\/div>\n\t\t<div class=\"elementor-element elementor-element-2a3903f e-con-full e-flex e-con e-child\" data-id=\"2a3903f\" data-element_type=\"container\" data-e-type=\"container\">\n\t\t\t\t<div class=\"elementor-element elementor-element-c55b240 elementor-widget elementor-widget-heading\" data-id=\"c55b240\" data-element_type=\"widget\" data-e-type=\"widget\" data-widget_type=\"heading.default\">\n\t\t\t\t\t<h2 class=\"elementor-heading-title elementor-size-default\">Ihre finanzielle Sicherheit<\/h2>\t\t\t\t<\/div>\n\t\t\t\t<div class=\"elementor-element elementor-element-ab8e1fe elementor-widget elementor-widget-text-editor\" data-id=\"ab8e1fe\" data-element_type=\"widget\" data-e-type=\"widget\" data-widget_type=\"text-editor.default\">\n\t\t\t\t\t\t\t\t\t<p>Nicht nur materielle Sch\u00e4den z\u00e4hlen. Diese Versicherung f\u00e4ngt auch die finanziellen Folgen auf:<\/p><ul><li>Haftung gegen\u00fcber Dritten (materiell oder physisch)<\/li><li>Diebstahl oder Einbruch, einschlie\u00dflich der Besch\u00e4digung Ihrer R\u00e4umlichkeiten im Falle eines versuchten Einbruchs<\/li><li>Einkommensverluste, wenn Ihr Unternehmen aufgrund eines versicherten Schadensfalls stillgelegt wird<\/li><\/ul><p>So k\u00f6nnen Sie Ihre Kunden auch nach einem R\u00fcckschlag weiter bedienen.<!-- notionvc: 407685b4-62eb-4941-9bce-b3f566d507c2 --><\/p>\t\t\t\t\t\t\t\t<\/div>\n\t\t\t\t<\/div>\n\t\t\t\t<\/div>\n\t\t<div class=\"elementor-element elementor-element-09061a5 e-con-full e-flex e-con e-child\" data-id=\"09061a5\" data-element_type=\"container\" data-e-type=\"container\" data-settings=\"{&quot;background_background&quot;:&quot;classic&quot;}\">\n\t\t<div class=\"elementor-element elementor-element-d357433 e-con-full e-flex e-con e-child\" data-id=\"d357433\" data-element_type=\"container\" data-e-type=\"container\" data-settings=\"{&quot;background_background&quot;:&quot;classic&quot;}\">\n\t\t\t\t<div class=\"elementor-element elementor-element-e93e583 elementor-widget-widescreen__width-initial elementor-widget-tablet__width-initial elementor-widget-mobile__width-initial elementor-widget__width-initial elementor-widget elementor-widget-image\" data-id=\"e93e583\" data-element_type=\"widget\" data-e-type=\"widget\" data-widget_type=\"image.default\">\n\t\t\t\t\t\t\t\t\t\t\t\t\t\t\t<img loading=\"lazy\" decoding=\"async\" width=\"780\" height=\"800\" src=\"https:\/\/grupoxandra.eu\/wp-content\/uploads\/2026\/02\/bigdap.webp\" class=\"attachment-full size-full wp-image-6294\" alt=\"\" srcset=\"https:\/\/grupoxandra.eu\/wp-content\/uploads\/2026\/02\/bigdap.webp 780w, https:\/\/grupoxandra.eu\/wp-content\/uploads\/2026\/02\/bigdap-293x300.webp 293w, https:\/\/grupoxandra.eu\/wp-content\/uploads\/2026\/02\/bigdap-768x788.webp 768w\" sizes=\"(max-width: 780px) 100vw, 780px\" \/>\t\t\t\t\t\t\t\t\t\t\t\t\t\t\t<\/div>\n\t\t\t\t<\/div>\n\t\t<div class=\"elementor-element elementor-element-1bb0500 e-con-full e-flex e-con e-child\" data-id=\"1bb0500\" data-element_type=\"container\" data-e-type=\"container\">\n\t\t\t\t<div class=\"elementor-element elementor-element-209907e elementor-widget elementor-widget-heading\" data-id=\"209907e\" data-element_type=\"widget\" data-e-type=\"widget\" data-widget_type=\"heading.default\">\n\t\t\t\t\t<h2 class=\"elementor-heading-title elementor-size-default\">Ma\u00dfgeschneidert f\u00fcr Ihr Unternehmen<\/h2>\t\t\t\t<\/div>\n\t\t\t\t<div class=\"elementor-element elementor-element-46c3aa8 elementor-widget elementor-widget-text-editor\" data-id=\"46c3aa8\" data-element_type=\"widget\" data-e-type=\"widget\" data-widget_type=\"text-editor.default\">\n\t\t\t\t\t\t\t\t\t<p>Kein Unternehmen ist wie das andere. Daher k\u00f6nnen Sie mit flexiblen Bedingungen rechnen:<\/p><ul><li>Die Haftung gilt in Spanien und Andorra sowie in der EU bei Messen und Ausstellungen<\/li><li>J\u00e4hrliche Zahlung oder Ratenzahlung, wie Sie es w\u00fcnschen<\/li><li>Automatische Verl\u00e4ngerung mit der M\u00f6glichkeit der fristgerechten K\u00fcndigung<\/li><\/ul>\t\t\t\t\t\t\t\t<\/div>\n\t\t\t\t<\/div>\n\t\t\t\t<\/div>\n\t\t\t\t<\/div>\n\t\t\t\t<\/div>\n\t\t<div class=\"elementor-element elementor-element-6c6e940 e-con-full e-flex e-con e-parent\" data-id=\"6c6e940\" data-element_type=\"container\" data-e-type=\"container\" data-settings=\"{&quot;background_background&quot;:&quot;classic&quot;}\">\n\t\t\t\t<div class=\"elementor-element elementor-element-ba9798a white-filter elementor-widget elementor-widget-image\" data-id=\"ba9798a\" data-element_type=\"widget\" data-e-type=\"widget\" data-widget_type=\"image.default\">\n\t\t\t\t\t\t\t\t\t\t\t\t\t\t\t<img fetchpriority=\"high\" decoding=\"async\" width=\"800\" height=\"189\" src=\"https:\/\/grupoxandra.eu\/wp-content\/uploads\/2025\/11\/Zurich_Insurance_Group_Logo_Horizontal.svg_-1024x242.png\" class=\"attachment-large size-large wp-image-3907\" alt=\"\" srcset=\"https:\/\/grupoxandra.eu\/wp-content\/uploads\/2025\/11\/Zurich_Insurance_Group_Logo_Horizontal.svg_-1024x242.png 1024w, https:\/\/grupoxandra.eu\/wp-content\/uploads\/2025\/11\/Zurich_Insurance_Group_Logo_Horizontal.svg_-300x71.png 300w, https:\/\/grupoxandra.eu\/wp-content\/uploads\/2025\/11\/Zurich_Insurance_Group_Logo_Horizontal.svg_-768x182.png 768w, https:\/\/grupoxandra.eu\/wp-content\/uploads\/2025\/11\/Zurich_Insurance_Group_Logo_Horizontal.svg_-1536x363.png 1536w, https:\/\/grupoxandra.eu\/wp-content\/uploads\/2025\/11\/Zurich_Insurance_Group_Logo_Horizontal.svg_-2048x484.png 2048w, https:\/\/grupoxandra.eu\/wp-content\/uploads\/2025\/11\/Zurich_Insurance_Group_Logo_Horizontal.svg_-600x142.png 600w\" sizes=\"(max-width: 800px) 100vw, 800px\" \/>\t\t\t\t\t\t\t\t\t\t\t\t\t\t\t<\/div>\n\t\t<div class=\"elementor-element elementor-element-923eee8 e-flex e-con-boxed e-con e-child\" data-id=\"923eee8\" data-element_type=\"container\" data-e-type=\"container\">\n\t\t\t\t\t<div class=\"e-con-inner\">\n\t\t\t\t<div class=\"elementor-element elementor-element-80b2115 elementor-widget elementor-widget-heading\" data-id=\"80b2115\" data-element_type=\"widget\" data-e-type=\"widget\" data-widget_type=\"heading.default\">\n\t\t\t\t\t<h2 class=\"elementor-heading-title elementor-size-default\">Sorgenfrei ins Gesch\u00e4ft kommen<\/h2>\t\t\t\t<\/div>\n\t\t\t\t<div class=\"elementor-element elementor-element-9e7fa11 elementor-widget__width-initial elementor-widget elementor-widget-text-editor\" data-id=\"9e7fa11\" data-element_type=\"widget\" data-e-type=\"widget\" data-widget_type=\"text-editor.default\">\n\t\t\t\t\t\t\t\t\t<p>Mit GrupoXandra w\u00e4hlen Sie einen Partner, der wei\u00df, was es bedeutet, in Spanien Gesch\u00e4fte zu machen. Sie konzentrieren sich auf Ihr Wachstum, wir sorgen daf\u00fcr, dass Ihr Unternehmen gesch\u00fctzt ist.<\/p><p>Ihre Anfrage <strong>kostenloses Angebot<\/strong> und entdecken Sie, wie einfach Gesch\u00e4fte mit der richtigen Versicherung sein k\u00f6nnen.<!-- notionvc: c679d973-5ae3-483a-93c3-bb848d4437b1 --><\/p>\t\t\t\t\t\t\t\t<\/div>\n\t\t\t\t<div class=\"elementor-element elementor-element-cc02eda elementor-align-justify elementor-widget__width-initial elementor-widget-mobile__width-initial elementor-widget elementor-widget-button\" data-id=\"cc02eda\" data-element_type=\"widget\" data-e-type=\"widget\" data-widget_type=\"button.default\">\n\t\t\t\t\t\t\t\t\t\t<a class=\"elementor-button elementor-button-link elementor-size-sm\" href=\"https:\/\/forms.office.com\/pages\/responsepage.aspx?id=lPxZnv3N8kWv9ICVim2EgEYY2l0YiqJJmOndgoAkhudUNVNCOFZOSDE4NVVXMVdFQzFQRlZYWEtVMyQlQCN0PWcu&#038;route=shorturl\" target=\"_blank\" rel=\"noopener\">\n\t\t\t\t\t\t<span class=\"elementor-button-content-wrapper\">\n\t\t\t\t\t\t\t\t\t<span class=\"elementor-button-text\">JETZT ANGEBOT ANFORDERN<\/span>\n\t\t\t\t\t<\/span>\n\t\t\t\t\t<\/a>\n\t\t\t\t\t\t\t\t<\/div>\n\t\t\t\t\t<\/div>\n\t\t\t\t<\/div>\n\t\t\t\t<\/div>\n\t\t<div class=\"elementor-element elementor-element-3f5116c e-flex e-con-boxed e-con e-parent\" data-id=\"3f5116c\" data-element_type=\"container\" data-e-type=\"container\" data-settings=\"{&quot;background_background&quot;:&quot;classic&quot;}\">\n\t\t\t\t\t<div class=\"e-con-inner\">\n\t\t\t\t<div class=\"elementor-element elementor-element-09d9c96 elementor-widget elementor-widget-heading\" data-id=\"09d9c96\" data-element_type=\"widget\" data-e-type=\"widget\" data-widget_type=\"heading.default\">\n\t\t\t\t\t<h2 class=\"elementor-heading-title elementor-size-default\">Haben Sie noch Fragen? Hier finden Sie die Antworten<\/h2>\t\t\t\t<\/div>\n\t\t\t\t<div class=\"elementor-element elementor-element-254ec53 elementor-widget elementor-widget-n-accordion\" data-id=\"254ec53\" data-element_type=\"widget\" data-e-type=\"widget\" data-settings=\"{&quot;n_accordion_animation_duration&quot;:{&quot;unit&quot;:&quot;ms&quot;,&quot;size&quot;:250,&quot;sizes&quot;:[]},&quot;default_state&quot;:&quot;expanded&quot;,&quot;max_items_expended&quot;:&quot;one&quot;}\" data-widget_type=\"nested-accordion.default\">\n\t\t\t\t\t\t\t<div class=\"e-n-accordion\" aria-label=\"Akkordeon. \u00d6ffnen Sie Links mit Enter oder Space, schlie\u00dfen Sie sie mit Escape und navigieren Sie mit den Pfeiltasten.\">\n\t\t\t\t\t\t<details id=\"e-n-accordion-item-3910\" class=\"e-n-accordion-item\" open>\n\t\t\t\t<summary class=\"e-n-accordion-item-title\" data-accordion-index=\"1\" tabindex=\"0\" aria-expanded=\"true\" aria-controls=\"e-n-accordion-item-3910\" >\n\t\t\t\t\t<span class='e-n-accordion-item-title-header'><div class=\"e-n-accordion-item-title-text\"> F\u00fcr welche Unternehmen ist die Unternehmensversicherung gedacht? <\/div><\/span>\n\t\t\t\t\t\t\t\t\t<\/summary>\n\t\t\t\t<div role=\"region\" aria-labelledby=\"e-n-accordion-item-3910\" class=\"elementor-element elementor-element-4dd7352 e-con-full e-flex e-con e-child\" data-id=\"4dd7352\" data-element_type=\"container\" data-e-type=\"container\">\n\t\t\t\t<div class=\"elementor-element elementor-element-119cab0 elementor-widget elementor-widget-text-editor\" data-id=\"119cab0\" data-element_type=\"widget\" data-e-type=\"widget\" data-widget_type=\"text-editor.default\">\n\t\t\t\t\t\t\t\t\t<p>F\u00fcr <span class=\"notion-enable-hover\" data-token-index=\"1\">kleine und mittlere Unternehmen (KMU)<\/span> in Spanien: Gesch\u00e4fte, B\u00fcros, Ateliers, Restaurants, Produktionsbetriebe und Selbstst\u00e4ndige mit eigenem Unternehmen.<!-- notionvc: 903f54b1-3285-4354-bbfa-640990d520d3 --><\/p>\t\t\t\t\t\t\t\t<\/div>\n\t\t\t\t<\/div>\n\t\t\t\t\t<\/details>\n\t\t\t\t\t\t<details id=\"e-n-accordion-item-3911\" class=\"e-n-accordion-item\" >\n\t\t\t\t<summary class=\"e-n-accordion-item-title\" data-accordion-index=\"2\" tabindex=\"-1\" aria-expanded=\"false\" aria-controls=\"e-n-accordion-item-3911\" >\n\t\t\t\t\t<span class='e-n-accordion-item-title-header'><div class=\"e-n-accordion-item-title-text\"> Welche Risiken deckt die Police standardm\u00e4\u00dfig ab? <\/div><\/span>\n\t\t\t\t\t\t\t\t\t<\/summary>\n\t\t\t\t<div role=\"region\" aria-labelledby=\"e-n-accordion-item-3911\" class=\"elementor-element elementor-element-95fc8ec e-con-full e-flex e-con e-child\" data-id=\"95fc8ec\" data-element_type=\"container\" data-e-type=\"container\">\n\t\t\t\t<div class=\"elementor-element elementor-element-3cfc856 elementor-widget elementor-widget-text-editor\" data-id=\"3cfc856\" data-element_type=\"widget\" data-e-type=\"widget\" data-widget_type=\"text-editor.default\">\n\t\t\t\t\t\t\t\t\t<p>Unter anderem <span class=\"notion-enable-hover\" data-token-index=\"1\">Brand, Explosion, Blitzschlag, Sturm, Wassersch\u00e4den, Vandalismus, Einbruchdiebstahl, Glasbruch und Sch\u00e4den durch Elektrizit\u00e4t<\/span> auf Anlagen oder Ger\u00e4te.<!-- notionvc: 27b2afcb-4a51-4ab5-97fe-ccc65f645219 --><\/p>\t\t\t\t\t\t\t\t<\/div>\n\t\t\t\t<\/div>\n\t\t\t\t\t<\/details>\n\t\t\t\t\t\t<details id=\"e-n-accordion-item-3912\" class=\"e-n-accordion-item\" >\n\t\t\t\t<summary class=\"e-n-accordion-item-title\" data-accordion-index=\"3\" tabindex=\"-1\" aria-expanded=\"false\" aria-controls=\"e-n-accordion-item-3912\" >\n\t\t\t\t\t<span class='e-n-accordion-item-title-header'><div class=\"e-n-accordion-item-title-text\"> Ist die Haftung gegen\u00fcber Dritten eingeschlossen? <\/div><\/span>\n\t\t\t\t\t\t\t\t\t<\/summary>\n\t\t\t\t<div role=\"region\" aria-labelledby=\"e-n-accordion-item-3912\" class=\"elementor-element elementor-element-0b71a22 e-con-full e-flex e-con e-child\" data-id=\"0b71a22\" data-element_type=\"container\" data-e-type=\"container\">\n\t\t\t\t<div class=\"elementor-element elementor-element-a5c243a elementor-widget elementor-widget-text-editor\" data-id=\"a5c243a\" data-element_type=\"widget\" data-e-type=\"widget\" data-widget_type=\"text-editor.default\">\n\t\t\t\t\t\t\t\t\t<p>Ja. Die Versicherung deckt <span class=\"notion-enable-hover\" data-token-index=\"1\">materielle und physische Sch\u00e4den<\/span> die Sie oder Ihr Unternehmen unbeabsichtigt Dritten gegen\u00fcber verursachen.<!-- notionvc: 66cc2ee2-c961-4346-a195-8ed428b9bf02 --><\/p>\t\t\t\t\t\t\t\t<\/div>\n\t\t\t\t<\/div>\n\t\t\t\t\t<\/details>\n\t\t\t\t\t\t<details id=\"e-n-accordion-item-3913\" class=\"e-n-accordion-item\" >\n\t\t\t\t<summary class=\"e-n-accordion-item-title\" data-accordion-index=\"4\" tabindex=\"-1\" aria-expanded=\"false\" aria-controls=\"e-n-accordion-item-3913\" >\n\t\t\t\t\t<span class='e-n-accordion-item-title-header'><div class=\"e-n-accordion-item-title-text\"> Kann ich mein Einkommen sch\u00fctzen, wenn mein Unternehmen schlie\u00dfen muss? <\/div><\/span>\n\t\t\t\t\t\t\t\t\t<\/summary>\n\t\t\t\t<div role=\"region\" aria-labelledby=\"e-n-accordion-item-3913\" class=\"elementor-element elementor-element-423801e e-con-full e-flex e-con e-child\" data-id=\"423801e\" data-element_type=\"container\" data-e-type=\"container\">\n\t\t\t\t<div class=\"elementor-element elementor-element-7b555ed elementor-widget elementor-widget-text-editor\" data-id=\"7b555ed\" data-element_type=\"widget\" data-e-type=\"widget\" data-widget_type=\"text-editor.default\">\n\t\t\t\t\t\t\t\t\t<p>Ja. In einem versicherten Schadensfall sind Sie versichert f\u00fcr <span class=\"notion-enable-hover\" data-token-index=\"1\">Einkommensverluste (Betriebsunterbrechung)<\/span>, damit Ihr Unternehmen finanziell \u00fcberleben kann.<!-- notionvc: 1f89626c-2210-4f98-be16-014a34e38cd1 --><\/p>\t\t\t\t\t\t\t\t<\/div>\n\t\t\t\t<\/div>\n\t\t\t\t\t<\/details>\n\t\t\t\t\t\t<details id=\"e-n-accordion-item-3914\" class=\"e-n-accordion-item\" >\n\t\t\t\t<summary class=\"e-n-accordion-item-title\" data-accordion-index=\"5\" tabindex=\"-1\" aria-expanded=\"false\" aria-controls=\"e-n-accordion-item-3914\" >\n\t\t\t\t\t<span class='e-n-accordion-item-title-header'><div class=\"e-n-accordion-item-title-text\"> Sind auch Einbruch und Diebstahl versichert? <\/div><\/span>\n\t\t\t\t\t\t\t\t\t<\/summary>\n\t\t\t\t<div role=\"region\" aria-labelledby=\"e-n-accordion-item-3914\" class=\"elementor-element elementor-element-5fe5d18 e-con-full e-flex e-con e-child\" data-id=\"5fe5d18\" data-element_type=\"container\" data-e-type=\"container\">\n\t\t\t\t<div class=\"elementor-element elementor-element-57d6743 elementor-widget elementor-widget-text-editor\" data-id=\"57d6743\" data-element_type=\"widget\" data-e-type=\"widget\" data-widget_type=\"text-editor.default\">\n\t\t\t\t\t\t\t\t\t<p>Ja. Die Versicherung deckt <span class=\"notion-enable-hover\" data-token-index=\"1\">Diebstahl und Besch\u00e4digung durch Einbruch oder Einbruchsversuch<\/span>, einschlie\u00dflich der Reparatur von T\u00fcren, Fenstern und Schl\u00f6ssern.<!-- notionvc: 642b13c4-05e0-4298-aefb-798fa6ec00f2 --><br \/><!-- notionvc: 3ddcbdfb-f481-4ffc-8936-3d4b64a4889e --><\/p>\t\t\t\t\t\t\t\t<\/div>\n\t\t\t\t<\/div>\n\t\t\t\t\t<\/details>\n\t\t\t\t\t\t<details id=\"e-n-accordion-item-3915\" class=\"e-n-accordion-item\" >\n\t\t\t\t<summary class=\"e-n-accordion-item-title\" data-accordion-index=\"6\" tabindex=\"-1\" aria-expanded=\"false\" aria-controls=\"e-n-accordion-item-3915\" >\n\t\t\t\t\t<span class='e-n-accordion-item-title-header'><div class=\"e-n-accordion-item-title-text\"> Gilt der Versicherungsschutz nur in Spanien? <\/div><\/span>\n\t\t\t\t\t\t\t\t\t<\/summary>\n\t\t\t\t<div role=\"region\" aria-labelledby=\"e-n-accordion-item-3915\" class=\"elementor-element elementor-element-8e35aff e-con-full e-flex e-con e-child\" data-id=\"8e35aff\" data-element_type=\"container\" data-e-type=\"container\">\n\t\t\t\t<div class=\"elementor-element elementor-element-32b1107 elementor-widget elementor-widget-text-editor\" data-id=\"32b1107\" data-element_type=\"widget\" data-e-type=\"widget\" data-widget_type=\"text-editor.default\">\n\t\t\t\t\t\t\t\t\t<p>Nein. Die Haftung gilt auch in <span class=\"notion-enable-hover\" data-token-index=\"1\">Andorra und die EU<\/span>, zum Beispiel bei der Teilnahme an Messen oder Ausstellungen.<!-- notionvc: 4b5eb438-4de0-43a3-8c39-9df73bc99c35 --><br \/><!-- notionvc: 3ce7f8be-03f1-4004-ac55-537c1ab2b636 --><\/p>\t\t\t\t\t\t\t\t<\/div>\n\t\t\t\t<\/div>\n\t\t\t\t\t<\/details>\n\t\t\t\t\t\t<details id=\"e-n-accordion-item-3916\" class=\"e-n-accordion-item\" >\n\t\t\t\t<summary class=\"e-n-accordion-item-title\" data-accordion-index=\"7\" tabindex=\"-1\" aria-expanded=\"false\" aria-controls=\"e-n-accordion-item-3916\" >\n\t\t\t\t\t<span class='e-n-accordion-item-title-header'><div class=\"e-n-accordion-item-title-text\"> Sind Maschinen und elektronische Ger\u00e4te versichert? <\/div><\/span>\n\t\t\t\t\t\t\t\t\t<\/summary>\n\t\t\t\t<div role=\"region\" aria-labelledby=\"e-n-accordion-item-3916\" class=\"elementor-element elementor-element-ede1c6a e-con-full e-flex e-con e-child\" data-id=\"ede1c6a\" data-element_type=\"container\" data-e-type=\"container\">\n\t\t\t\t<div class=\"elementor-element elementor-element-d70e74f elementor-widget elementor-widget-text-editor\" data-id=\"d70e74f\" data-element_type=\"widget\" data-e-type=\"widget\" data-widget_type=\"text-editor.default\">\n\t\t\t\t\t\t\t\t\t<p>Ja. Sch\u00e4den, die durch Elektrizit\u00e4t oder Ausfall von <span class=\"notion-enable-hover\" data-token-index=\"1\">Maschinen, Computer und Anlagen<\/span> ist je nach gew\u00e4hltem Versicherungsschutz enthalten.<!-- notionvc: c8f19bc4-336b-4703-b22d-94a116262db2 --><\/p>\t\t\t\t\t\t\t\t<\/div>\n\t\t\t\t<\/div>\n\t\t\t\t\t<\/details>\n\t\t\t\t\t\t<details id=\"e-n-accordion-item-3917\" class=\"e-n-accordion-item\" >\n\t\t\t\t<summary class=\"e-n-accordion-item-title\" data-accordion-index=\"8\" tabindex=\"-1\" aria-expanded=\"false\" aria-controls=\"e-n-accordion-item-3917\" >\n\t\t\t\t\t<span class='e-n-accordion-item-title-header'><div class=\"e-n-accordion-item-title-text\"> Kann ich Glasbruch und Werbetafeln mitversichern? <\/div><\/span>\n\t\t\t\t\t\t\t\t\t<\/summary>\n\t\t\t\t<div role=\"region\" aria-labelledby=\"e-n-accordion-item-3917\" class=\"elementor-element elementor-element-4f65698 e-con-full e-flex e-con e-child\" data-id=\"4f65698\" data-element_type=\"container\" data-e-type=\"container\">\n\t\t\t\t<div class=\"elementor-element elementor-element-d0d95b7 elementor-widget elementor-widget-text-editor\" data-id=\"d0d95b7\" data-element_type=\"widget\" data-e-type=\"widget\" data-widget_type=\"text-editor.default\">\n\t\t\t\t\t\t\t\t\t<p>Ja. <span class=\"notion-enable-hover\" data-token-index=\"1\">Schaufenster, Schilder und Sanit\u00e4ranlagen<\/span> kann standardm\u00e4\u00dfig oder optional versichert werden.<!-- notionvc: 1069c4ed-02cf-4a0a-a176-e1ac6dcfe0cb --><br \/><!-- notionvc: 3ddcbdfb-f481-4ffc-8936-3d4b64a4889e --><\/p>\t\t\t\t\t\t\t\t<\/div>\n\t\t\t\t<\/div>\n\t\t\t\t\t<\/details>\n\t\t\t\t\t\t<details id=\"e-n-accordion-item-3918\" class=\"e-n-accordion-item\" >\n\t\t\t\t<summary class=\"e-n-accordion-item-title\" data-accordion-index=\"9\" tabindex=\"-1\" aria-expanded=\"false\" aria-controls=\"e-n-accordion-item-3918\" >\n\t\t\t\t\t<span class='e-n-accordion-item-title-header'><div class=\"e-n-accordion-item-title-text\"> Wie wird die Entsch\u00e4digung berechnet? <\/div><\/span>\n\t\t\t\t\t\t\t\t\t<\/summary>\n\t\t\t\t<div role=\"region\" aria-labelledby=\"e-n-accordion-item-3918\" class=\"elementor-element elementor-element-7983274 e-con-full e-flex e-con e-child\" data-id=\"7983274\" data-element_type=\"container\" data-e-type=\"container\">\n\t\t\t\t<div class=\"elementor-element elementor-element-a4c2cf0 elementor-widget elementor-widget-text-editor\" data-id=\"a4c2cf0\" data-element_type=\"widget\" data-e-type=\"widget\" data-widget_type=\"text-editor.default\">\n\t\t\t\t\t\t\t\t\t<p>A <span class=\"notion-enable-hover\" data-token-index=\"1\">Sachverst\u00e4ndiger des Versicherers<\/span> stellt den Schaden fest. Sie erstattet dann die Kosten f\u00fcr die Reparatur oder den Ersatz bis zum vereinbarten H\u00f6chstbetrag.<!-- notionvc: 5b6aba7e-c9c9-4bf0-86b4-8b991511e9bf --><br \/><!-- notionvc: b93f7cbf-adf3-4ccb-9314-9951554c05a5 --><\/p>\t\t\t\t\t\t\t\t<\/div>\n\t\t\t\t<\/div>\n\t\t\t\t\t<\/details>\n\t\t\t\t\t\t<details id=\"e-n-accordion-item-3919\" class=\"e-n-accordion-item\" >\n\t\t\t\t<summary class=\"e-n-accordion-item-title\" data-accordion-index=\"10\" tabindex=\"-1\" aria-expanded=\"false\" aria-controls=\"e-n-accordion-item-3919\" >\n\t\t\t\t\t<span class='e-n-accordion-item-title-header'><div class=\"e-n-accordion-item-title-text\"> Was ist, wenn meine R\u00e4umlichkeiten vermietet sind? <\/div><\/span>\n\t\t\t\t\t\t\t\t\t<\/summary>\n\t\t\t\t<div role=\"region\" aria-labelledby=\"e-n-accordion-item-3919\" class=\"elementor-element elementor-element-fa5f030 e-con-full e-flex e-con e-child\" data-id=\"fa5f030\" data-element_type=\"container\" data-e-type=\"container\">\n\t\t\t\t<div class=\"elementor-element elementor-element-ca818f2 elementor-widget elementor-widget-text-editor\" data-id=\"ca818f2\" data-element_type=\"widget\" data-e-type=\"widget\" data-widget_type=\"text-editor.default\">\n\t\t\t\t\t\t\t\t\t<p>Auch Mieter k\u00f6nnen eine Gewerbeversicherung abschlie\u00dfen. Sie versichern dann haupts\u00e4chlich die <span class=\"notion-enable-hover\" data-token-index=\"1\">Inhalt und Verbesserungen<\/span> der Immobilie. Der Eigent\u00fcmer ist in der Regel f\u00fcr das Geb\u00e4ude selbst verantwortlich.<!-- notionvc: 81cdf915-08c2-474e-bb0b-5d5f53af1b3c --><\/p>\t\t\t\t\t\t\t\t<\/div>\n\t\t\t\t<\/div>\n\t\t\t\t\t<\/details>\n\t\t\t\t\t\t<details id=\"e-n-accordion-item-39110\" class=\"e-n-accordion-item\" >\n\t\t\t\t<summary class=\"e-n-accordion-item-title\" data-accordion-index=\"11\" tabindex=\"-1\" aria-expanded=\"false\" aria-controls=\"e-n-accordion-item-39110\" >\n\t\t\t\t\t<span class='e-n-accordion-item-title-header'><div class=\"e-n-accordion-item-title-text\"> Wie melde ich einen Schaden? <\/div><\/span>\n\t\t\t\t\t\t\t\t\t<\/summary>\n\t\t\t\t<div role=\"region\" aria-labelledby=\"e-n-accordion-item-39110\" class=\"elementor-element elementor-element-834a768 e-con-full e-flex e-con e-child\" data-id=\"834a768\" data-element_type=\"container\" data-e-type=\"container\">\n\t\t\t\t<div class=\"elementor-element elementor-element-f6b9539 elementor-widget elementor-widget-text-editor\" data-id=\"f6b9539\" data-element_type=\"widget\" data-e-type=\"widget\" data-widget_type=\"text-editor.default\">\n\t\t\t\t\t\t\t\t\t<p>Im Falle eines Schadens, kontaktieren Sie GrupoXandra sofort. Wir werden uns um die <span class=\"notion-enable-hover\" data-token-index=\"1\">vollst\u00e4ndige Schadensregulierung in Ihrer eigenen Sprache<\/span>, in Zusammenarbeit mit dem Versicherer.<!-- notionvc: 1c27833c-e098-4645-8073-61d163dcdff6 --><\/p>\t\t\t\t\t\t\t\t<\/div>\n\t\t\t\t<\/div>\n\t\t\t\t\t<\/details>\n\t\t\t\t\t\t<details id=\"e-n-accordion-item-39111\" class=\"e-n-accordion-item\" >\n\t\t\t\t<summary class=\"e-n-accordion-item-title\" data-accordion-index=\"12\" tabindex=\"-1\" aria-expanded=\"false\" aria-controls=\"e-n-accordion-item-39111\" >\n\t\t\t\t\t<span class='e-n-accordion-item-title-header'><div class=\"e-n-accordion-item-title-text\"> Kann ich meine Pr\u00e4mie in Raten zahlen? <\/div><\/span>\n\t\t\t\t\t\t\t\t\t<\/summary>\n\t\t\t\t<div role=\"region\" aria-labelledby=\"e-n-accordion-item-39111\" class=\"elementor-element elementor-element-e210bf8 e-con-full e-flex e-con e-child\" data-id=\"e210bf8\" data-element_type=\"container\" data-e-type=\"container\">\n\t\t\t\t<div class=\"elementor-element elementor-element-1713809 elementor-widget elementor-widget-text-editor\" data-id=\"1713809\" data-element_type=\"widget\" data-e-type=\"widget\" data-widget_type=\"text-editor.default\">\n\t\t\t\t\t\t\t\t\t<p>Ja. Sie w\u00e4hlen <span class=\"notion-enable-hover\" data-token-index=\"1\">j\u00e4hrliche Zahlung oder Zahlung in Raten<\/span>, je nachdem, was Ihrem Cashflow am besten entspricht.<!-- notionvc: 17f5dda3-7bce-4037-ae4c-6e7d73120323 --><\/p>\t\t\t\t\t\t\t\t<\/div>\n\t\t\t\t<\/div>\n\t\t\t\t\t<\/details>\n\t\t\t\t\t\t<details id=\"e-n-accordion-item-39112\" class=\"e-n-accordion-item\" >\n\t\t\t\t<summary class=\"e-n-accordion-item-title\" data-accordion-index=\"13\" tabindex=\"-1\" aria-expanded=\"false\" aria-controls=\"e-n-accordion-item-39112\" >\n\t\t\t\t\t<span class='e-n-accordion-item-title-header'><div class=\"e-n-accordion-item-title-text\"> Kann ich die Versicherung erweitern, wenn mein Unternehmen w\u00e4chst? <\/div><\/span>\n\t\t\t\t\t\t\t\t\t<\/summary>\n\t\t\t\t<div role=\"region\" aria-labelledby=\"e-n-accordion-item-39112\" class=\"elementor-element elementor-element-9567fdb e-con-full e-flex e-con e-child\" data-id=\"9567fdb\" data-element_type=\"container\" data-e-type=\"container\">\n\t\t\t\t<div class=\"elementor-element elementor-element-be47454 elementor-widget elementor-widget-text-editor\" data-id=\"be47454\" data-element_type=\"widget\" data-e-type=\"widget\" data-widget_type=\"text-editor.default\">\n\t\t\t\t\t\t\t\t\t<p>Ja. Die Politik ist <span class=\"notion-enable-hover\" data-token-index=\"1\">flexibel<\/span> und kann leicht angepasst werden, wenn Ihr Unternehmen w\u00e4chst oder mehr Risiken abdeckt.<!-- notionvc: 6dbbcc10-3f77-45a6-91a7-acd24f9bb324 --><\/p>\t\t\t\t\t\t\t\t<\/div>\n\t\t\t\t<\/div>\n\t\t\t\t\t<\/details>\n\t\t\t\t\t\t<details id=\"e-n-accordion-item-39113\" class=\"e-n-accordion-item\" >\n\t\t\t\t<summary class=\"e-n-accordion-item-title\" data-accordion-index=\"14\" tabindex=\"-1\" aria-expanded=\"false\" aria-controls=\"e-n-accordion-item-39113\" >\n\t\t\t\t\t<span class='e-n-accordion-item-title-header'><div class=\"e-n-accordion-item-title-text\"> In welchen Sprachen erhalte ich Dokumente und Dienstleistungen? <\/div><\/span>\n\t\t\t\t\t\t\t\t\t<\/summary>\n\t\t\t\t<div role=\"region\" aria-labelledby=\"e-n-accordion-item-39113\" class=\"elementor-element elementor-element-40b0b7a e-con-full e-flex e-con e-child\" data-id=\"40b0b7a\" data-element_type=\"container\" data-e-type=\"container\">\n\t\t\t\t<div class=\"elementor-element elementor-element-5d8d688 elementor-widget elementor-widget-text-editor\" data-id=\"5d8d688\" data-element_type=\"widget\" data-e-type=\"widget\" data-widget_type=\"text-editor.default\">\n\t\t\t\t\t\t\t\t\t<p>Die offiziellen Strategiepapiere sind verf\u00fcgbar unter <span class=\"notion-enable-hover\" data-token-index=\"1\">Spanisch und oft auch in Englisch<\/span>. GrupoXandra bietet auch Service, Beratung und Unterst\u00fctzung bei Schadensf\u00e4llen in <span class=\"notion-enable-hover\" data-token-index=\"3\">Niederl\u00e4ndisch, Englisch, Deutsch, Franz\u00f6sisch und Spanisch<\/span>.<!-- notionvc: 699670d7-9f7c-4079-85f0-4b702a2fbaaf --><\/p>\t\t\t\t\t\t\t\t<\/div>\n\t\t\t\t<\/div>\n\t\t\t\t\t<\/details>\n\t\t\t\t\t\t<details id=\"e-n-accordion-item-39114\" class=\"e-n-accordion-item\" >\n\t\t\t\t<summary class=\"e-n-accordion-item-title\" data-accordion-index=\"15\" tabindex=\"-1\" aria-expanded=\"false\" aria-controls=\"e-n-accordion-item-39114\" >\n\t\t\t\t\t<span class='e-n-accordion-item-title-header'><div class=\"e-n-accordion-item-title-text\"> Warum entscheiden sich Unternehmer im Ausland f\u00fcr GrupoXandra? <\/div><\/span>\n\t\t\t\t\t\t\t\t\t<\/summary>\n\t\t\t\t<div role=\"region\" aria-labelledby=\"e-n-accordion-item-39114\" class=\"elementor-element elementor-element-daa21b1 e-con-full e-flex e-con e-child\" data-id=\"daa21b1\" data-element_type=\"container\" data-e-type=\"container\">\n\t\t\t\t<div class=\"elementor-element elementor-element-cb0c97b elementor-widget elementor-widget-text-editor\" data-id=\"cb0c97b\" data-element_type=\"widget\" data-e-type=\"widget\" data-widget_type=\"text-editor.default\">\n\t\t\t\t\t\t\t\t\t<p>Denn wir haben <span class=\"notion-enable-hover\" data-token-index=\"1\">Beratung von Expats und Unternehmern in Spanien<\/span>. Mit unserem mehrsprachigen Service und unserer Erfahrung stellen wir sicher, dass Ihr Fall immer gut gesch\u00fctzt ist, ohne \u00dcberraschungen oder Sprachprobleme.<!-- notionvc: 3ddcbdfb-f481-4ffc-8936-3d4b64a4889e --><\/p>\t\t\t\t\t\t\t\t<\/div>\n\t\t\t\t<\/div>\n\t\t\t\t\t<\/details>\n\t\t\t\t\t<\/div>\n\t\t\t\t\t\t<\/div>\n\t\t\t\t\t<\/div>\n\t\t\t\t<\/div>\n\t\t\t\t<\/div>","protected":false},"excerpt":{"rendered":"<p>Bedrijfsverzekering voor KMO&#8217;s in Spanje Zekerheid voor elke ondernemer. VRAAG NU UW OFFERTE AAN Een KMO runnen in Spanje is een avontuur om trots op te zijn. U steekt er uw tijd, passie en spaargeld in. Maar \u00e9\u00e9n onverwachte gebeurtenis \u2013 een brand in het magazijn, een inbraak of waterschade \u2013 kan uw zaak plots [&hellip;]<\/p>\n","protected":false},"author":1,"featured_media":0,"parent":0,"menu_order":0,"comment_status":"closed","ping_status":"closed","template":"","meta":{"footnotes":""},"class_list":["post-4525","page","type-page","status-publish","hentry"],"_links":{"self":[{"href":"https:\/\/grupoxandra.eu\/de\/wp-json\/wp\/v2\/pages\/4525","targetHints":{"allow":["GET"]}}],"collection":[{"href":"https:\/\/grupoxandra.eu\/de\/wp-json\/wp\/v2\/pages"}],"about":[{"href":"https:\/\/grupoxandra.eu\/de\/wp-json\/wp\/v2\/types\/page"}],"author":[{"embeddable":true,"href":"https:\/\/grupoxandra.eu\/de\/wp-json\/wp\/v2\/users\/1"}],"replies":[{"embeddable":true,"href":"https:\/\/grupoxandra.eu\/de\/wp-json\/wp\/v2\/comments?post=4525"}],"version-history":[{"count":49,"href":"https:\/\/grupoxandra.eu\/de\/wp-json\/wp\/v2\/pages\/4525\/revisions"}],"predecessor-version":[{"id":6322,"href":"https:\/\/grupoxandra.eu\/de\/wp-json\/wp\/v2\/pages\/4525\/revisions\/6322"}],"wp:attachment":[{"href":"https:\/\/grupoxandra.eu\/de\/wp-json\/wp\/v2\/media?parent=4525"}],"curies":[{"name":"wp","href":"https:\/\/api.w.org\/{rel}","templated":true}]}}